{"id":16270,"date":"2026-07-02T09:17:35","date_gmt":"2026-07-02T07:17:35","guid":{"rendered":"https:\/\/adiznctb3b.wpdns.site\/proteccion-de-datos\/"},"modified":"2026-07-02T09:17:37","modified_gmt":"2026-07-02T07:17:37","slug":"proteccion-de-datos","status":"publish","type":"page","link":"https:\/\/k-bus.at\/es\/proteccion-de-datos\/","title":{"rendered":"Protecci\u00f3n de datos"},"content":{"rendered":"\t\t<div data-elementor-type=\"wp-page\" data-elementor-id=\"16270\" class=\"elementor elementor-16270 elementor-14\" data-elementor-post-type=\"page\">\n\t\t\t\t\t\t<section data-particle_enable=\"false\" data-particle-mobile-disabled=\"false\" class=\"wd-negative-gap elementor-section elementor-top-section elementor-element elementor-element-5d10340d elementor-section-boxed elementor-section-height-default elementor-section-height-default\" data-id=\"5d10340d\" data-element_type=\"section\" data-e-type=\"section\">\n\t\t\t\t\t\t<div class=\"elementor-container elementor-column-gap-default\">\n\t\t\t\t\t<div class=\"elementor-column elementor-col-100 elementor-top-column elementor-element elementor-element-38f2258a\" data-id=\"38f2258a\" data-element_type=\"column\" data-e-type=\"column\">\n\t\t\t<div class=\"elementor-widget-wrap elementor-element-populated\">\n\t\t\t\t\t\t<div class=\"elementor-element elementor-element-33e7b156 color-scheme-inherit text-left elementor-widget elementor-widget-text-editor\" data-id=\"33e7b156\" data-element_type=\"widget\" data-e-type=\"widget\" data-widget_type=\"text-editor.default\">\n\t\t\t\t<div class=\"elementor-widget-container\">\n\t\t\t\t\t\t\t\t\t<h3 id=\"heading_Erklaerung_zur_Informationspflicht_2\" class=\"fusion-responsive-typography-calculated\" style=\"--fontsize: 32; line-height: 1.5;\" data-fontsize=\"32\" data-lineheight=\"48px\">Declaraci\u00f3n sobre la obligaci\u00f3n de informar<\/h3><h4 id=\"heading__Datenschutzerklaerung_\" class=\"fusion-responsive-typography-calculated\" style=\"--fontsize: 28; line-height: 1.5;\" data-fontsize=\"28\" data-lineheight=\"42px\">Pol\u00edtica de privacidad<\/h4><p>La protecci\u00f3n de sus datos personales es una cuesti\u00f3n de especial importancia para nosotros. Por ello, tratamos sus datos exclusivamente de conformidad con las disposiciones legales (DSG, TKG 2003, RGPD). En esta pol\u00edtica de privacidad le informamos sobre los aspectos m\u00e1s importantes del tratamiento de datos en el marco de nuestra p\u00e1gina web.  <\/p><h4 id=\"heading_Kontakt_mit_uns\" class=\"fusion-responsive-typography-calculated\" style=\"--fontsize: 28; line-height: 1.5;\" data-fontsize=\"28\" data-lineheight=\"42px\">Cont\u00e1ctanos<\/h4><p>Si se pone en contacto con nosotros por correo electr\u00f3nico, conservaremos los datos que nos facilite durante seis meses con el fin de tramitar su consulta y en caso de que surjan preguntas adicionales. No cederemos estos datos a terceros sin su consentimiento. <\/p><h4 id=\"heading_Cookies\" class=\"fusion-responsive-typography-calculated\" style=\"--fontsize: 28; line-height: 1.5;\" data-fontsize=\"28\" data-lineheight=\"42px\">Cookies<\/h4><p>Nuestra p\u00e1gina web utiliza las denominadas \u00abcookies\u00bb. Se trata de peque\u00f1os archivos de texto que se almacenan en su dispositivo a trav\u00e9s del navegador. No causan ning\u00fan da\u00f1o.  <\/p><p>Utilizamos cookies para que nuestra p\u00e1gina web resulte m\u00e1s f\u00e1cil de usar. Algunas cookies permanecen almacenadas en su dispositivo hasta que usted las borre. Nos permiten reconocer su navegador la pr\u00f3xima vez que visite nuestra p\u00e1gina.  <\/p><p>Si no desea que esto ocurra, puede configurar su navegador para que le avise cuando se instalen cookies y as\u00ed poder autorizarlas solo en casos concretos.<\/p><p>Si desactivas las cookies, es posible que el funcionamiento de nuestra p\u00e1gina web se vea limitado.<\/p><h4 class=\"fusion-responsive-typography-calculated\" style=\"--fontsize: 28; line-height: 1.5;\" data-fontsize=\"28\" data-lineheight=\"42px\">P\u00edxel de Facebook<\/h4><p>Nuestra p\u00e1gina web utiliza la funci\u00f3n de remarketing \u00abFacebook Pixel\u00bb de Facebook Inc. (\u00abFacebook\u00bb). Esta funci\u00f3n sirve para mostrar a los visitantes de esta p\u00e1gina web <a href=\"https:\/\/www.trafficmaxx.de\/social-media-marketing\">anuncios publicitarios personalizados seg\u00fan sus intereses (\u00abFacebook Ads\u00bb) cuando visitan la red social Facebook<\/a>. Para ello, se ha implementado el p\u00edxel de Facebook en nuestra p\u00e1gina web. A trav\u00e9s del p\u00edxel de Facebook, se establece una conexi\u00f3n directa con los servidores de Facebook al visitar la p\u00e1gina web. De este modo, se transmite al servidor de Facebook que ha visitado esta p\u00e1gina web y Facebook asocia esta informaci\u00f3n a su cuenta personal de usuario de Facebook.     <\/p><p>Encontrar\u00e1 m\u00e1s informaci\u00f3n sobre la recopilaci\u00f3n y el uso de los datos por parte de Facebook, as\u00ed como sobre sus derechos al respecto y las opciones para proteger su privacidad, en la pol\u00edtica de privacidad de Facebook, disponible en <a href=\"https:\/\/www.facebook.com\/about\/privacy\/\">https:\/\/www.facebook.com\/about\/privacy\/<\/a>.<\/p><p>Como alternativa, puede desactivar la funci\u00f3n de remarketing de Facebook en <a href=\"https:\/\/www.facebook.com\/settings\/?tab=ads#_=_\">https:\/\/www.facebook.com\/settings\/?tab=ads#_=_<\/a>. Para ello, debe haber iniciado sesi\u00f3n en Facebook. <\/p><h4 id=\"heading_Ihre_Rechte\" class=\"fusion-responsive-typography-calculated\" style=\"--fontsize: 28; line-height: 1.5;\" data-fontsize=\"28\" data-lineheight=\"42px\">Sus derechos<\/h4><p>En principio, usted tiene derecho a acceder a sus datos, rectificarlos, suprimirlos, limitar su tratamiento, solicitar su portabilidad, revocar su consentimiento y oponerse al tratamiento. Si considera que el tratamiento de sus datos incumple la legislaci\u00f3n en materia de protecci\u00f3n de datos o que se han vulnerado de cualquier otra forma sus derechos en este \u00e1mbito, puede presentar una reclamaci\u00f3n ante la autoridad de control. En Austria, esta autoridad es la Autoridad de Protecci\u00f3n de Datos.  <\/p><h4 id=\"heading_Sie_erreichen_uns_unter_folgenden_Kontaktdaten_\" class=\"fusion-responsive-typography-calculated\" style=\"--fontsize: 28; line-height: 1.5;\" data-fontsize=\"28\" data-lineheight=\"42px\">Puede ponerse en contacto con nosotros a trav\u00e9s de los siguientes datos de contacto:<\/h4><p>K-Bus GmbH<br\/>Industriegasse I\/1<br\/>7053 Hornstein, Austria<br\/>Tel.: <a href=\"tel:\/\/00432689221612\">+43 2689 2216 12<\/a><br\/>Correo electr\u00f3nico: <a href=\"mailto:office@k-bus.at\">office@k-bus.at<\/a><br\/>P\u00e1gina web: www.k-bus.at<\/p>\t\t\t\t\t\t\t\t<\/div>\n\t\t\t\t<\/div>\n\t\t\t\t\t<\/div>\n\t\t<\/div>\n\t\t\t\t\t<\/div>\n\t\t<\/section>\n\t\t\t\t<\/div>\n\t\t","protected":false},"excerpt":{"rendered":"<p>Declaraci\u00f3n sobre la obligaci\u00f3n de informar Pol\u00edtica de privacidad La protecci\u00f3n de sus datos personales es una cuesti\u00f3n de especial<\/p>\n","protected":false},"author":1,"featured_media":0,"parent":0,"menu_order":0,"comment_status":"closed","ping_status":"closed","template":"","meta":{"_acf_changed":false,"footnotes":""},"class_list":["post-16270","page","type-page","status-publish","hentry"],"acf":[],"yoast_head":"<!-- This site is optimized with the Yoast SEO plugin v28.0 - https:\/\/yoast.com\/product\/yoast-seo-wordpress\/ -->\n<title>Protecci\u00f3n de datos - K-Bus<\/title>\n<meta name=\"robots\" content=\"index, follow, max-snippet:-1, max-image-preview:large, max-video-preview:-1\" \/>\n<link rel=\"canonical\" href=\"https:\/\/k-bus.at\/es\/proteccion-de-datos\/\" \/>\n<meta property=\"og:locale\" content=\"es_ES\" \/>\n<meta property=\"og:type\" content=\"article\" \/>\n<meta property=\"og:title\" content=\"Protecci\u00f3n de datos - K-Bus\" \/>\n<meta property=\"og:description\" content=\"Declaraci\u00f3n sobre la obligaci\u00f3n de informar Pol\u00edtica de privacidad La protecci\u00f3n de sus datos personales es una cuesti\u00f3n de especial\" \/>\n<meta property=\"og:url\" content=\"https:\/\/k-bus.at\/es\/proteccion-de-datos\/\" \/>\n<meta property=\"og:site_name\" content=\"K-Bus\" \/>\n<meta property=\"article:modified_time\" content=\"2026-07-02T07:17:37+00:00\" \/>\n<meta name=\"twitter:card\" content=\"summary_large_image\" \/>\n<meta name=\"twitter:label1\" content=\"Tiempo de lectura\" \/>\n\t<meta name=\"twitter:data1\" content=\"3 minutos\" \/>\n<script type=\"application\/ld+json\" class=\"yoast-schema-graph\">{\"@context\":\"https:\\\/\\\/schema.org\",\"@graph\":[{\"@type\":\"WebPage\",\"@id\":\"https:\\\/\\\/k-bus.at\\\/es\\\/proteccion-de-datos\\\/\",\"url\":\"https:\\\/\\\/k-bus.at\\\/es\\\/proteccion-de-datos\\\/\",\"name\":\"Protecci\u00f3n de datos - K-Bus\",\"isPartOf\":{\"@id\":\"https:\\\/\\\/k-bus.at\\\/es\\\/#website\"},\"datePublished\":\"2026-07-02T07:17:35+00:00\",\"dateModified\":\"2026-07-02T07:17:37+00:00\",\"breadcrumb\":{\"@id\":\"https:\\\/\\\/k-bus.at\\\/es\\\/proteccion-de-datos\\\/#breadcrumb\"},\"inLanguage\":\"es\",\"potentialAction\":[{\"@type\":\"ReadAction\",\"target\":[\"https:\\\/\\\/k-bus.at\\\/es\\\/proteccion-de-datos\\\/\"]}]},{\"@type\":\"BreadcrumbList\",\"@id\":\"https:\\\/\\\/k-bus.at\\\/es\\\/proteccion-de-datos\\\/#breadcrumb\",\"itemListElement\":[{\"@type\":\"ListItem\",\"position\":1,\"name\":\"Startseite\",\"item\":\"https:\\\/\\\/k-bus.at\\\/es\\\/k-bus-gmbh\\\/\"},{\"@type\":\"ListItem\",\"position\":2,\"name\":\"Protecci\u00f3n de datos\"}]},{\"@type\":\"WebSite\",\"@id\":\"https:\\\/\\\/k-bus.at\\\/es\\\/#website\",\"url\":\"https:\\\/\\\/k-bus.at\\\/es\\\/\",\"name\":\"K-Bus\",\"description\":\"Smart Mobility\",\"potentialAction\":[{\"@type\":\"SearchAction\",\"target\":{\"@type\":\"EntryPoint\",\"urlTemplate\":\"https:\\\/\\\/k-bus.at\\\/es\\\/?s={search_term_string}\"},\"query-input\":{\"@type\":\"PropertyValueSpecification\",\"valueRequired\":true,\"valueName\":\"search_term_string\"}}],\"inLanguage\":\"es\"}]}<\/script>\n<!-- \/ Yoast SEO plugin. -->","yoast_head_json":{"title":"Protecci\u00f3n de datos - K-Bus","robots":{"index":"index","follow":"follow","max-snippet":"max-snippet:-1","max-image-preview":"max-image-preview:large","max-video-preview":"max-video-preview:-1"},"canonical":"https:\/\/k-bus.at\/es\/proteccion-de-datos\/","og_locale":"es_ES","og_type":"article","og_title":"Protecci\u00f3n de datos - K-Bus","og_description":"Declaraci\u00f3n sobre la obligaci\u00f3n de informar Pol\u00edtica de privacidad La protecci\u00f3n de sus datos personales es una cuesti\u00f3n de especial","og_url":"https:\/\/k-bus.at\/es\/proteccion-de-datos\/","og_site_name":"K-Bus","article_modified_time":"2026-07-02T07:17:37+00:00","twitter_card":"summary_large_image","twitter_misc":{"Tiempo de lectura":"3 minutos"},"schema":{"@context":"https:\/\/schema.org","@graph":[{"@type":"WebPage","@id":"https:\/\/k-bus.at\/es\/proteccion-de-datos\/","url":"https:\/\/k-bus.at\/es\/proteccion-de-datos\/","name":"Protecci\u00f3n de datos - K-Bus","isPartOf":{"@id":"https:\/\/k-bus.at\/es\/#website"},"datePublished":"2026-07-02T07:17:35+00:00","dateModified":"2026-07-02T07:17:37+00:00","breadcrumb":{"@id":"https:\/\/k-bus.at\/es\/proteccion-de-datos\/#breadcrumb"},"inLanguage":"es","potentialAction":[{"@type":"ReadAction","target":["https:\/\/k-bus.at\/es\/proteccion-de-datos\/"]}]},{"@type":"BreadcrumbList","@id":"https:\/\/k-bus.at\/es\/proteccion-de-datos\/#breadcrumb","itemListElement":[{"@type":"ListItem","position":1,"name":"Startseite","item":"https:\/\/k-bus.at\/es\/k-bus-gmbh\/"},{"@type":"ListItem","position":2,"name":"Protecci\u00f3n de datos"}]},{"@type":"WebSite","@id":"https:\/\/k-bus.at\/es\/#website","url":"https:\/\/k-bus.at\/es\/","name":"K-Bus","description":"Smart Mobility","potentialAction":[{"@type":"SearchAction","target":{"@type":"EntryPoint","urlTemplate":"https:\/\/k-bus.at\/es\/?s={search_term_string}"},"query-input":{"@type":"PropertyValueSpecification","valueRequired":true,"valueName":"search_term_string"}}],"inLanguage":"es"}]}},"_links":{"self":[{"href":"https:\/\/k-bus.at\/es\/wp-json\/wp\/v2\/pages\/16270","targetHints":{"allow":["GET"]}}],"collection":[{"href":"https:\/\/k-bus.at\/es\/wp-json\/wp\/v2\/pages"}],"about":[{"href":"https:\/\/k-bus.at\/es\/wp-json\/wp\/v2\/types\/page"}],"author":[{"embeddable":true,"href":"https:\/\/k-bus.at\/es\/wp-json\/wp\/v2\/users\/1"}],"replies":[{"embeddable":true,"href":"https:\/\/k-bus.at\/es\/wp-json\/wp\/v2\/comments?post=16270"}],"version-history":[{"count":0,"href":"https:\/\/k-bus.at\/es\/wp-json\/wp\/v2\/pages\/16270\/revisions"}],"wp:attachment":[{"href":"https:\/\/k-bus.at\/es\/wp-json\/wp\/v2\/media?parent=16270"}],"curies":[{"name":"wp","href":"https:\/\/api.w.org\/{rel}","templated":true}]}}