{"id":16614,"date":"2026-07-02T09:40:57","date_gmt":"2026-07-02T07:40:57","guid":{"rendered":"https:\/\/adiznctb3b.wpdns.site\/noticias\/"},"modified":"2026-07-02T09:41:00","modified_gmt":"2026-07-02T07:41:00","slug":"noticias","status":"publish","type":"page","link":"https:\/\/k-bus.at\/es\/noticias\/","title":{"rendered":"Noticias"},"content":{"rendered":"\t\t<div data-elementor-type=\"wp-page\" data-elementor-id=\"16614\" class=\"elementor elementor-16614 elementor-1576\" data-elementor-post-type=\"page\">\n\t\t\t\t<div data-event_function=\"{&quot;tween&quot;:&quot;to&quot;}\" class=\"eael_smooth_animation wd-negative-gap elementor-element elementor-element-4ded1d6 e-flex e-con-boxed e-con e-parent\" data-particle_enable=\"false\" data-particle-mobile-disabled=\"false\" data-id=\"4ded1d6\" data-element_type=\"container\" data-e-type=\"container\" data-settings=\"{&quot;background_background&quot;:&quot;slideshow&quot;,&quot;background_slideshow_gallery&quot;:[{&quot;id&quot;:8864,&quot;url&quot;:&quot;https:\\\/\\\/k-bus.at\\\/wp-content\\\/uploads\\\/2026\\\/05\\\/K-Bus_Museum5.png&quot;},{&quot;id&quot;:9696,&quot;url&quot;:&quot;https:\\\/\\\/k-bus.at\\\/wp-content\\\/uploads\\\/2026\\\/05\\\/K-Bus_ESolarCityL-scaled.png&quot;},{&quot;id&quot;:2407,&quot;url&quot;:&quot;https:\\\/\\\/k-bus.at\\\/wp-content\\\/uploads\\\/2026\\\/03\\\/Muerztaler-scaled-e1775812594961.jpg&quot;},{&quot;id&quot;:5341,&quot;url&quot;:&quot;https:\\\/\\\/k-bus.at\\\/wp-content\\\/uploads\\\/2026\\\/04\\\/IMG_5876-scaled-e1781161778962.jpeg&quot;}],&quot;background_slideshow_transition_duration&quot;:1000,&quot;background_slideshow_ken_burns&quot;:&quot;yes&quot;,&quot;shape_divider_top&quot;:&quot;waves&quot;,&quot;shape_divider_bottom&quot;:&quot;wd_sweet_wave&quot;,&quot;motion_fx_motion_fx_scrolling&quot;:&quot;yes&quot;,&quot;background_slideshow_loop&quot;:&quot;yes&quot;,&quot;background_slideshow_slide_duration&quot;:5000,&quot;background_slideshow_slide_transition&quot;:&quot;fade&quot;,&quot;background_slideshow_ken_burns_zoom_direction&quot;:&quot;in&quot;,&quot;motion_fx_devices&quot;:[&quot;desktop&quot;,&quot;tablet&quot;,&quot;mobile&quot;]}\">\n\t\t\t\t\t<div class=\"e-con-inner\">\n\t\t\t\t<div class=\"elementor-shape elementor-shape-top\" aria-hidden=\"true\" data-negative=\"false\">\n\t\t\t<svg xmlns=\"http:\/\/www.w3.org\/2000\/svg\" viewBox=\"0 0 1000 100\" preserveAspectRatio=\"none\">\n\t<path class=\"elementor-shape-fill\" d=\"M421.9,6.5c22.6-2.5,51.5,0.4,75.5,5.3c23.6,4.9,70.9,23.5,100.5,35.7c75.8,32.2,133.7,44.5,192.6,49.7\n\tc23.6,2.1,48.7,3.5,103.4-2.5c54.7-6,106.2-25.6,106.2-25.6V0H0v30.3c0,0,72,32.6,158.4,30.5c39.2-0.7,92.8-6.7,134-22.4\n\tc21.2-8.1,52.2-18.2,79.7-24.2C399.3,7.9,411.6,7.5,421.9,6.5z\"\/>\n<\/svg>\t\t<\/div>\n\t\t\t\t<div class=\"elementor-shape elementor-shape-bottom\" aria-hidden=\"true\" data-negative=\"false\">\n\t\t\t<svg width=\"100%\" height=\"50px\" viewBox=\"0 0 1920 80\" xmlns=\"http:\/\/www.w3.org\/2000\/svg\" class=\"wd-divider\" preserveAspectRatio=\"none\">\n<path class=\"elementor-shape-fill\" d=\"M1920,60s-169.5,20-510,20S850.5,20,510,20,0,60,0,60V0H1920Z\" \/>\n<\/svg>\n\t\t<\/div>\n\t\t\t\t<div data-dce-advanced-background-color=\"#FFFFFF\" class=\"elementor-element elementor-element-15edbd6 elementor-widget__width-inherit elementor-widget-mobile__width-initial elementor-widget elementor-widget-heading\" data-id=\"15edbd6\" data-element_type=\"widget\" data-e-type=\"widget\" data-widget_type=\"heading.default\">\n\t\t\t\t<div class=\"elementor-widget-container\">\n\t\t\t\t\t<h1 class=\"elementor-heading-title elementor-size-default\">Noticias<\/h1>\t\t\t\t<\/div>\n\t\t\t\t<\/div>\n\t\t\t\t\t<\/div>\n\t\t\t\t<\/div>\n\t\t<div data-particle_enable=\"false\" data-particle-mobile-disabled=\"false\" class=\"wd-negative-gap elementor-element elementor-element-bbcc86e e-flex e-con-boxed e-con e-parent\" data-id=\"bbcc86e\" data-element_type=\"container\" data-e-type=\"container\">\n\t\t\t\t\t<div class=\"e-con-inner\">\n\t\t\t\t<div class=\"elementor-element elementor-element-1f851fa wd-width-100 elementor-widget elementor-widget-wd_blog\" data-id=\"1f851fa\" data-element_type=\"widget\" data-e-type=\"widget\" data-widget_type=\"wd_blog.default\">\n\t\t\t\t<div class=\"elementor-widget-container\">\n\t\t\t\t\t\t\t\t\t\t\t\t<div class=\"wd-blog-element \">\n\t\t\t\t\t\t\t\t\t\t\t\n\t\t\t\t\t<div class=\"wd-posts wd-blog-holder wd-grid-g\" id=\"6a983d268f67b\" data-paged=\"1\" data-atts=\"{&quot;post_type&quot;:&quot;post&quot;,&quot;items_per_page&quot;:12,&quot;include&quot;:null,&quot;taxonomies&quot;:&quot;&quot;,&quot;offset&quot;:&quot;&quot;,&quot;orderby&quot;:&quot;date&quot;,&quot;order&quot;:&quot;DESC&quot;,&quot;meta_key&quot;:null,&quot;exclude&quot;:&quot;&quot;,&quot;element_title&quot;:&quot;&quot;,&quot;element_title_tag&quot;:&quot;h2&quot;,&quot;parts_media&quot;:true,&quot;parts_title&quot;:&quot;1&quot;,&quot;parts_meta&quot;:&quot;&quot;,&quot;parts_text&quot;:&quot;1&quot;,&quot;parts_btn&quot;:&quot;&quot;,&quot;parts_published_date&quot;:&quot;1&quot;,&quot;img_size&quot;:&quot;medium_large&quot;,&quot;blog_design&quot;:&quot;chess&quot;,&quot;blog_carousel_design&quot;:null,&quot;blog_masonry&quot;:null,&quot;blog_columns&quot;:null,&quot;blog_columns_tablet&quot;:{&quot;size&quot;:&quot;&quot;},&quot;blog_columns_mobile&quot;:{&quot;size&quot;:&quot;&quot;},&quot;blog_spacing&quot;:null,&quot;blog_spacing_tablet&quot;:&quot;&quot;,&quot;blog_spacing_mobile&quot;:&quot;&quot;,&quot;pagination&quot;:&quot;infinit&quot;,&quot;speed&quot;:null,&quot;slides_per_view&quot;:null,&quot;slides_per_view_tablet&quot;:{&quot;size&quot;:&quot;&quot;},&quot;slides_per_view_mobile&quot;:{&quot;size&quot;:&quot;&quot;},&quot;wrap&quot;:null,&quot;autoplay&quot;:null,&quot;hide_pagination_control&quot;:null,&quot;hide_prev_next_buttons&quot;:null,&quot;scroll_per_page&quot;:null,&quot;lazy_loading&quot;:&quot;no&quot;,&quot;scroll_carousel_init&quot;:null,&quot;ajax_page&quot;:&quot;&quot;,&quot;custom_sizes&quot;:false,&quot;elementor&quot;:true}\" data-source=\"shortcode\">\n\t\t\t\n\t\t\t\t\t\t\t\t\t\t\t\t\t\t\n<article id=\"post-16600\" class=\"wd-post blog-design-chess blog-post-loop blog-design-small-images blog-style-bg wd-add-shadow wd-col post-16600 post type-post status-publish format-standard has-post-thumbnail hentry category-sin-categoria\">\n\t<div class=\"wd-post-inner article-inner\">\n\t\t\t\t\t<div class=\"wd-post-thumb entry-header\">\n\t\t\t\t\t\t\t\t\t<div class=\"wd-post-img post-img-wrapp\">\n\t\t\t\t\t\t<img decoding=\"async\" width=\"768\" height=\"549\" src=\"https:\/\/k-bus.at\/wp-content\/uploads\/2026\/01\/e-daily5_solar_xl_kbus-e1781161208356-768x549.jpg\" class=\"attachment-medium_large size-medium_large\" alt=\"\" srcset=\"https:\/\/k-bus.at\/wp-content\/uploads\/2026\/01\/e-daily5_solar_xl_kbus-e1781161208356-768x549.jpg 768w, https:\/\/k-bus.at\/wp-content\/uploads\/2026\/01\/e-daily5_solar_xl_kbus-e1781161208356-300x215.jpg 300w, https:\/\/k-bus.at\/wp-content\/uploads\/2026\/01\/e-daily5_solar_xl_kbus-e1781161208356.jpg 1000w\" sizes=\"(max-width: 768px) 100vw, 768px\" \/>\t\t\t\t\t<\/div>\n\t\t\t\t\t\t\t\t\t\t<a class=\"wd-fill\" tabindex=\"-1\" href=\"https:\/\/k-bus.at\/es\/los-autobuses-urbanos-electricos-de-e-solar-circulan-con-exito-por-ciudades-europeas\/\" aria-label=\"Link on post Los autobuses urbanos el\u00e9ctricos de E-Solar circulan con \u00e9xito por ciudades europeas\"><\/a>\n\t\t\t\t\n\t\t\t\t\t\t\t\t\t\t\t\t<div class=\"wd-post-date wd-style-with-bg\">\n\t\t\t\t<span class=\"post-date-day\">\n\t\t\t\t\t02\t\t\t\t<\/span>\n\t\t\t\t<span class=\"post-date-month\">\n\t\t\t\t\tJul\t\t\t\t<\/span>\n\t\t\t<\/div>\n\t\t\t\t\t\t\t\t\t<\/div>\n\t\t\n\t\t<div class=\"wd-post-content article-body-container\">\n\t\t\t\n\t\t\t\t\t\t\t<h3 class=\"wd-post-title wd-entities-title title post-title\">\n\t\t\t\t\t<a href=\"https:\/\/k-bus.at\/es\/los-autobuses-urbanos-electricos-de-e-solar-circulan-con-exito-por-ciudades-europeas\/\" rel=\"bookmark\">Los autobuses urbanos el\u00e9ctricos de E-Solar circulan con \u00e9xito por ciudades europeas<\/a>\n\t\t\t\t<\/h3>\n\t\t\t\n\t\t\t\n\t\t\t\t\t\t\t\t\t\t\t\t<div class=\"wd-post-excerpt entry-content\">\n\t\t\t\t\t\tNuestros autobuses urbanos E-Solar se han consolidado: hoy en d\u00eda ya circulan por ciudades como Estocolmo, Colonia, Kapfenberg o Koper, de forma fiable, sin barreras arquitect\u00f3nicas y sin emisiones.\nEn 2017 desarrollamos el E-Solar City, una...\t\t\t\t\t<\/div>\n\t\t\t\t\n\t\t\t\t\t\t\t\t\t<\/div>\n\t<\/div>\n<\/article>\n\n\t\t\t\t\t\t\t\t\t\t\t\t\t\t\n<article id=\"post-16584\" class=\"wd-post blog-design-chess blog-post-loop blog-design-small-images blog-style-bg wd-add-shadow wd-col post-16584 post type-post status-publish format-standard has-post-thumbnail hentry category-sin-categoria\">\n\t<div class=\"wd-post-inner article-inner\">\n\t\t\t\t\t<div class=\"wd-post-thumb entry-header\">\n\t\t\t\t\t\t\t\t\t<div class=\"wd-post-img post-img-wrapp\">\n\t\t\t\t\t\t<img decoding=\"async\" width=\"768\" height=\"576\" src=\"https:\/\/k-bus.at\/wp-content\/uploads\/2025\/11\/IMG-20200930-WA0001-768x576.jpg\" class=\"attachment-medium_large size-medium_large\" alt=\"\" srcset=\"https:\/\/k-bus.at\/wp-content\/uploads\/2025\/11\/IMG-20200930-WA0001-768x576.jpg 768w, https:\/\/k-bus.at\/wp-content\/uploads\/2025\/11\/IMG-20200930-WA0001-300x225.jpg 300w, https:\/\/k-bus.at\/wp-content\/uploads\/2025\/11\/IMG-20200930-WA0001-1024x768.jpg 1024w, https:\/\/k-bus.at\/wp-content\/uploads\/2025\/11\/IMG-20200930-WA0001-1536x1152.jpg 1536w, https:\/\/k-bus.at\/wp-content\/uploads\/2025\/11\/IMG-20200930-WA0001.jpg 1600w\" sizes=\"(max-width: 768px) 100vw, 768px\" \/>\t\t\t\t\t<\/div>\n\t\t\t\t\t\t\t\t\t\t<a class=\"wd-fill\" tabindex=\"-1\" href=\"https:\/\/k-bus.at\/es\/e-solar-city-wieslburg\/\" aria-label=\"Link on post E-Solar City Wieslburg\"><\/a>\n\t\t\t\t\n\t\t\t\t\t\t\t\t\t\t\t\t<div class=\"wd-post-date wd-style-with-bg\">\n\t\t\t\t<span class=\"post-date-day\">\n\t\t\t\t\t02\t\t\t\t<\/span>\n\t\t\t\t<span class=\"post-date-month\">\n\t\t\t\t\tJul\t\t\t\t<\/span>\n\t\t\t<\/div>\n\t\t\t\t\t\t\t\t\t<\/div>\n\t\t\n\t\t<div class=\"wd-post-content article-body-container\">\n\t\t\t\n\t\t\t\t\t\t\t<h3 class=\"wd-post-title wd-entities-title title post-title\">\n\t\t\t\t\t<a href=\"https:\/\/k-bus.at\/es\/e-solar-city-wieslburg\/\" rel=\"bookmark\">E-Solar City Wieslburg<\/a>\n\t\t\t\t<\/h3>\n\t\t\t\n\t\t\t\n\t\t\t\t\t\t\t\t\t\t\t\t<div class=\"wd-post-excerpt entry-content\">\n\t\t\t\t\t\tTras un mes en servicio, el Ayuntamiento de Wieselburg hace un balance muy positivo del autob\u00fas el\u00e9ctrico \u00abStadtwiesel\u00bb.\t\t\t\t\t<\/div>\n\t\t\t\t\n\t\t\t\t\t\t\t\t\t<\/div>\n\t<\/div>\n<\/article>\n\n\t\t\t\t\t\t\t\t\t\t\t\t\t\t\n<article id=\"post-16574\" class=\"wd-post blog-design-chess blog-post-loop blog-design-small-images blog-style-bg wd-add-shadow wd-col post-16574 post type-post status-publish format-standard has-post-thumbnail hentry category-sin-categoria\">\n\t<div class=\"wd-post-inner article-inner\">\n\t\t\t\t\t<div class=\"wd-post-thumb entry-header\">\n\t\t\t\t\t\t\t\t\t<div class=\"wd-post-img post-img-wrapp\">\n\t\t\t\t\t\t<img decoding=\"async\" width=\"768\" height=\"576\" src=\"https:\/\/k-bus.at\/wp-content\/uploads\/2026\/03\/Muerztaler-768x576.jpg\" class=\"attachment-medium_large size-medium_large\" alt=\"\" srcset=\"https:\/\/k-bus.at\/wp-content\/uploads\/2026\/03\/Muerztaler-768x576.jpg 768w, https:\/\/k-bus.at\/wp-content\/uploads\/2026\/03\/Muerztaler-300x225.jpg 300w, https:\/\/k-bus.at\/wp-content\/uploads\/2026\/03\/Muerztaler-1024x768.jpg 1024w, https:\/\/k-bus.at\/wp-content\/uploads\/2026\/03\/Muerztaler-1536x1152.jpg 1536w, https:\/\/k-bus.at\/wp-content\/uploads\/2026\/03\/Muerztaler-2048x1536.jpg 2048w\" sizes=\"(max-width: 768px) 100vw, 768px\" \/>\t\t\t\t\t<\/div>\n\t\t\t\t\t\t\t\t\t\t<a class=\"wd-fill\" tabindex=\"-1\" href=\"https:\/\/k-bus.at\/es\/primer-autobus-electrico-con-el-nuevo-diseno-de-k-bus-para-kapfenberg\/\" aria-label=\"Link on post Primer autob\u00fas el\u00e9ctrico con el nuevo dise\u00f1o de K-BUS para Kapfenberg\"><\/a>\n\t\t\t\t\n\t\t\t\t\t\t\t\t\t\t\t\t<div class=\"wd-post-date wd-style-with-bg\">\n\t\t\t\t<span class=\"post-date-day\">\n\t\t\t\t\t02\t\t\t\t<\/span>\n\t\t\t\t<span class=\"post-date-month\">\n\t\t\t\t\tJul\t\t\t\t<\/span>\n\t\t\t<\/div>\n\t\t\t\t\t\t\t\t\t<\/div>\n\t\t\n\t\t<div class=\"wd-post-content article-body-container\">\n\t\t\t\n\t\t\t\t\t\t\t<h3 class=\"wd-post-title wd-entities-title title post-title\">\n\t\t\t\t\t<a href=\"https:\/\/k-bus.at\/es\/primer-autobus-electrico-con-el-nuevo-diseno-de-k-bus-para-kapfenberg\/\" rel=\"bookmark\">Primer autob\u00fas el\u00e9ctrico con el nuevo dise\u00f1o de K-BUS para Kapfenberg<\/a>\n\t\t\t\t<\/h3>\n\t\t\t\n\t\t\t\n\t\t\t\t\t\t\t\t\t\t\t\t<div class=\"wd-post-excerpt entry-content\">\n\t\t\t\t\t\tLa empresa K-BUS se complace en anunciar la puesta en servicio con \u00e9xito de su primer autob\u00fas el\u00e9ctrico con el nuevo dise\u00f1o. Este innovador veh\u00edculo circula ya por Kapfenberg y es un ejemplo de movilidad...\t\t\t\t\t<\/div>\n\t\t\t\t\n\t\t\t\t\t\t\t\t\t<\/div>\n\t<\/div>\n<\/article>\n\n\t\t\t\t\t\t\t\t\t\t\t\t\t\t\n<article id=\"post-16563\" class=\"wd-post blog-design-chess blog-post-loop blog-design-small-images blog-style-bg wd-add-shadow wd-col post-16563 post type-post status-publish format-standard has-post-thumbnail hentry category-sin-categoria\">\n\t<div class=\"wd-post-inner article-inner\">\n\t\t\t\t\t<div class=\"wd-post-thumb entry-header\">\n\t\t\t\t\t\t\t\t\t<div class=\"wd-post-img post-img-wrapp\">\n\t\t\t\t\t\t<img decoding=\"async\" width=\"768\" height=\"576\" src=\"https:\/\/k-bus.at\/wp-content\/uploads\/2026\/04\/20260310_1016140-768x576.jpg\" class=\"attachment-medium_large size-medium_large\" alt=\"KBus-Kutsenits\" srcset=\"https:\/\/k-bus.at\/wp-content\/uploads\/2026\/04\/20260310_1016140-768x576.jpg 768w, https:\/\/k-bus.at\/wp-content\/uploads\/2026\/04\/20260310_1016140-300x225.jpg 300w, https:\/\/k-bus.at\/wp-content\/uploads\/2026\/04\/20260310_1016140-1024x768.jpg 1024w, https:\/\/k-bus.at\/wp-content\/uploads\/2026\/04\/20260310_1016140-1536x1152.jpg 1536w, https:\/\/k-bus.at\/wp-content\/uploads\/2026\/04\/20260310_1016140-2048x1536.jpg 2048w\" sizes=\"(max-width: 768px) 100vw, 768px\" \/>\t\t\t\t\t<\/div>\n\t\t\t\t\t\t\t\t\t\t<a class=\"wd-fill\" tabindex=\"-1\" href=\"https:\/\/k-bus.at\/es\/mas-autobuses-electricos-de-k-bus-refuerzan-la-movilidad-sostenible-en-leoben\/\" aria-label=\"Link on post M\u00e1s autobuses el\u00e9ctricos de K-BUS refuerzan la movilidad sostenible en Leoben\"><\/a>\n\t\t\t\t\n\t\t\t\t\t\t\t\t\t\t\t\t<div class=\"wd-post-date wd-style-with-bg\">\n\t\t\t\t<span class=\"post-date-day\">\n\t\t\t\t\t02\t\t\t\t<\/span>\n\t\t\t\t<span class=\"post-date-month\">\n\t\t\t\t\tJul\t\t\t\t<\/span>\n\t\t\t<\/div>\n\t\t\t\t\t\t\t\t\t<\/div>\n\t\t\n\t\t<div class=\"wd-post-content article-body-container\">\n\t\t\t\n\t\t\t\t\t\t\t<h3 class=\"wd-post-title wd-entities-title title post-title\">\n\t\t\t\t\t<a href=\"https:\/\/k-bus.at\/es\/mas-autobuses-electricos-de-k-bus-refuerzan-la-movilidad-sostenible-en-leoben\/\" rel=\"bookmark\">M\u00e1s autobuses el\u00e9ctricos de K-BUS refuerzan la movilidad sostenible en Leoben<\/a>\n\t\t\t\t<\/h3>\n\t\t\t\n\t\t\t\n\t\t\t\t\t\t\t\t\t\t\t\t<div class=\"wd-post-excerpt entry-content\">\n\t\t\t\t\t\tLa electrificaci\u00f3n del transporte p\u00fablico en Leoben sigue avanzando. Con la entrega de nuevos autobuses el\u00e9ctricos en Leoben, se ampl\u00eda de forma espec\u00edfica la flota de Stadtwerke Leoben. Estos modernos veh\u00edculos se utilizar\u00e1n en el...\t\t\t\t\t<\/div>\n\t\t\t\t\n\t\t\t\t\t\t\t\t\t<\/div>\n\t<\/div>\n<\/article>\n\n\t\t\t\t\t\t\t\t\t\t\t\t\t\t\n<article id=\"post-16554\" class=\"wd-post blog-design-chess blog-post-loop blog-design-small-images blog-style-bg wd-add-shadow wd-col post-16554 post type-post status-publish format-standard has-post-thumbnail hentry category-sin-categoria\">\n\t<div class=\"wd-post-inner article-inner\">\n\t\t\t\t\t<div class=\"wd-post-thumb entry-header\">\n\t\t\t\t\t\t\t\t\t<div class=\"wd-post-img post-img-wrapp\">\n\t\t\t\t\t\t<img decoding=\"async\" width=\"768\" height=\"576\" src=\"https:\/\/k-bus.at\/wp-content\/uploads\/2026\/04\/20251112_071301-768x576.jpg\" class=\"attachment-medium_large size-medium_large\" alt=\"KBus-Kutsenits\" srcset=\"https:\/\/k-bus.at\/wp-content\/uploads\/2026\/04\/20251112_071301-768x576.jpg 768w, https:\/\/k-bus.at\/wp-content\/uploads\/2026\/04\/20251112_071301-300x225.jpg 300w, https:\/\/k-bus.at\/wp-content\/uploads\/2026\/04\/20251112_071301-1024x768.jpg 1024w, https:\/\/k-bus.at\/wp-content\/uploads\/2026\/04\/20251112_071301.jpg 1280w\" sizes=\"(max-width: 768px) 100vw, 768px\" \/>\t\t\t\t\t<\/div>\n\t\t\t\t\t\t\t\t\t\t<a class=\"wd-fill\" tabindex=\"-1\" href=\"https:\/\/k-bus.at\/es\/k-bus-pone-en-marcha-la-primera-linea-de-autobuses-totalmente-electricos-en-innsbruck\/\" aria-label=\"Link on post K-BUS pone en marcha la primera l\u00ednea de autobuses totalmente el\u00e9ctricos en Innsbruck\"><\/a>\n\t\t\t\t\n\t\t\t\t\t\t\t\t\t\t\t\t<div class=\"wd-post-date wd-style-with-bg\">\n\t\t\t\t<span class=\"post-date-day\">\n\t\t\t\t\t02\t\t\t\t<\/span>\n\t\t\t\t<span class=\"post-date-month\">\n\t\t\t\t\tJul\t\t\t\t<\/span>\n\t\t\t<\/div>\n\t\t\t\t\t\t\t\t\t<\/div>\n\t\t\n\t\t<div class=\"wd-post-content article-body-container\">\n\t\t\t\n\t\t\t\t\t\t\t<h3 class=\"wd-post-title wd-entities-title title post-title\">\n\t\t\t\t\t<a href=\"https:\/\/k-bus.at\/es\/k-bus-pone-en-marcha-la-primera-linea-de-autobuses-totalmente-electricos-en-innsbruck\/\" rel=\"bookmark\">K-BUS pone en marcha la primera l\u00ednea de autobuses totalmente el\u00e9ctricos en Innsbruck<\/a>\n\t\t\t\t<\/h3>\n\t\t\t\n\t\t\t\n\t\t\t\t\t\t\t\t\t\t\t\t<div class=\"wd-post-excerpt entry-content\">\n\t\t\t\t\t\tCon la puesta en marcha de la primera l\u00ednea de autobuses totalmente el\u00e9ctricos en Innsbruck, contin\u00faa de forma sistem\u00e1tica la expansi\u00f3n de la movilidad sostenible. En la nueva l\u00ednea D se utilizan modernos minibuses el\u00e9ctricos...\t\t\t\t\t<\/div>\n\t\t\t\t\n\t\t\t\t\t\t\t\t\t<\/div>\n\t<\/div>\n<\/article>\n\n\t\t\t\t\t\t\t\t\t\t\t\t\t\t\n<article id=\"post-16543\" class=\"wd-post blog-design-chess blog-post-loop blog-design-small-images blog-style-bg wd-add-shadow wd-col post-16543 post type-post status-publish format-standard has-post-thumbnail hentry category-sin-categoria\">\n\t<div class=\"wd-post-inner article-inner\">\n\t\t\t\t\t<div class=\"wd-post-thumb entry-header\">\n\t\t\t\t\t\t\t\t\t<div class=\"wd-post-img post-img-wrapp\">\n\t\t\t\t\t\t<img decoding=\"async\" width=\"768\" height=\"576\" src=\"https:\/\/k-bus.at\/wp-content\/uploads\/2026\/04\/IMG_5876-768x576.jpeg\" class=\"attachment-medium_large size-medium_large\" alt=\"\" srcset=\"https:\/\/k-bus.at\/wp-content\/uploads\/2026\/04\/IMG_5876-768x576.jpeg 768w, https:\/\/k-bus.at\/wp-content\/uploads\/2026\/04\/IMG_5876-300x225.jpeg 300w, https:\/\/k-bus.at\/wp-content\/uploads\/2026\/04\/IMG_5876-1024x768.jpeg 1024w, https:\/\/k-bus.at\/wp-content\/uploads\/2026\/04\/IMG_5876-1536x1152.jpeg 1536w, https:\/\/k-bus.at\/wp-content\/uploads\/2026\/04\/IMG_5876-2048x1536.jpeg 2048w\" sizes=\"(max-width: 768px) 100vw, 768px\" \/>\t\t\t\t\t<\/div>\n\t\t\t\t\t\t\t\t\t\t<a class=\"wd-fill\" tabindex=\"-1\" href=\"https:\/\/k-bus.at\/es\/k-bus-en-la-feria-bus2bus-de-berlin-2026\/\" aria-label=\"Link on post K-BUS en la feria BUS2BUS de Berl\u00edn 2026\"><\/a>\n\t\t\t\t\n\t\t\t\t\t\t\t\t\t\t\t\t<div class=\"wd-post-date wd-style-with-bg\">\n\t\t\t\t<span class=\"post-date-day\">\n\t\t\t\t\t02\t\t\t\t<\/span>\n\t\t\t\t<span class=\"post-date-month\">\n\t\t\t\t\tJul\t\t\t\t<\/span>\n\t\t\t<\/div>\n\t\t\t\t\t\t\t\t\t<\/div>\n\t\t\n\t\t<div class=\"wd-post-content article-body-container\">\n\t\t\t\n\t\t\t\t\t\t\t<h3 class=\"wd-post-title wd-entities-title title post-title\">\n\t\t\t\t\t<a href=\"https:\/\/k-bus.at\/es\/k-bus-en-la-feria-bus2bus-de-berlin-2026\/\" rel=\"bookmark\">K-BUS en la feria BUS2BUS de Berl\u00edn 2026<\/a>\n\t\t\t\t<\/h3>\n\t\t\t\n\t\t\t\n\t\t\t\t\t\t\t\t\t\t\t\t<div class=\"wd-post-excerpt entry-content\">\n\t\t\t\t\t\tLos d\u00edas 15 y 16 de abril, K-BUS estuvo presente en la feria BUS2BUS, una de las plataformas m\u00e1s importantes del sector para soluciones innovadoras de movilidad en el \u00e1mbito del autob\u00fas.  \nEl evento...\t\t\t\t\t<\/div>\n\t\t\t\t\n\t\t\t\t\t\t\t\t\t<\/div>\n\t<\/div>\n<\/article>\n\n\t\t\t\t\t\t\t\t\t\t\t\t\t\t\n<article id=\"post-16535\" class=\"wd-post blog-design-chess blog-post-loop blog-design-small-images blog-style-bg wd-add-shadow wd-col post-16535 post type-post status-publish format-standard has-post-thumbnail hentry category-sin-categoria\">\n\t<div class=\"wd-post-inner article-inner\">\n\t\t\t\t\t<div class=\"wd-post-thumb entry-header\">\n\t\t\t\t\t\t\t\t\t<div class=\"wd-post-img post-img-wrapp\">\n\t\t\t\t\t\t<img decoding=\"async\" width=\"768\" height=\"777\" src=\"https:\/\/k-bus.at\/wp-content\/uploads\/2026\/06\/Stadtwerke-Leoben-768x777.png\" class=\"attachment-medium_large size-medium_large\" alt=\"\" srcset=\"https:\/\/k-bus.at\/wp-content\/uploads\/2026\/06\/Stadtwerke-Leoben-768x777.png 768w, https:\/\/k-bus.at\/wp-content\/uploads\/2026\/06\/Stadtwerke-Leoben-296x300.png 296w, https:\/\/k-bus.at\/wp-content\/uploads\/2026\/06\/Stadtwerke-Leoben.png 1009w\" sizes=\"(max-width: 768px) 100vw, 768px\" \/>\t\t\t\t\t<\/div>\n\t\t\t\t\t\t\t\t\t\t<a class=\"wd-fill\" tabindex=\"-1\" href=\"https:\/\/k-bus.at\/es\/premio-energy-globe-styria-empresa-municipal-de-servicios-publicos-de-leoben\/\" aria-label=\"Link on post Premio Energy Globe Styria &#8211; Empresa municipal de servicios p\u00fablicos de Leoben\"><\/a>\n\t\t\t\t\n\t\t\t\t\t\t\t\t\t\t\t\t<div class=\"wd-post-date wd-style-with-bg\">\n\t\t\t\t<span class=\"post-date-day\">\n\t\t\t\t\t02\t\t\t\t<\/span>\n\t\t\t\t<span class=\"post-date-month\">\n\t\t\t\t\tJul\t\t\t\t<\/span>\n\t\t\t<\/div>\n\t\t\t\t\t\t\t\t\t<\/div>\n\t\t\n\t\t<div class=\"wd-post-content article-body-container\">\n\t\t\t\n\t\t\t\t\t\t\t<h3 class=\"wd-post-title wd-entities-title title post-title\">\n\t\t\t\t\t<a href=\"https:\/\/k-bus.at\/es\/premio-energy-globe-styria-empresa-municipal-de-servicios-publicos-de-leoben\/\" rel=\"bookmark\">Premio Energy Globe Styria &#8211; Empresa municipal de servicios p\u00fablicos de Leoben<\/a>\n\t\t\t\t<\/h3>\n\t\t\t\n\t\t\t\n\t\t\t\t\t\t\t\t\t\t\t\t<div class=\"wd-post-excerpt entry-content\">\n\t\t\t\t\t\tNos complace formar parte, con nuestro K-BUS, del proyecto \u00abLeoben en movimiento\u00bb de la empresa municipal Stadtwerke Leoben.\nEl proyecto ha sido galardonado con el premio Energy Globe Styria Award 2026 en la categor\u00eda de movilidad.\nV\u00eddeo...\t\t\t\t\t<\/div>\n\t\t\t\t\n\t\t\t\t\t\t\t\t\t<\/div>\n\t<\/div>\n<\/article>\n\n\t\t\t\t\n\t\t\t\t\t\t\t\t<\/div>\n\t\t\t\n\t\t\t\t\t\t\t\t\t\t<\/div>\n\t\t\t\t\t\t\t\t\t\t<\/div>\n\t\t\t\t<\/div>\n\t\t\t\t\t<\/div>\n\t\t\t\t<\/div>\n\t\t<div data-particle_enable=\"false\" data-particle-mobile-disabled=\"false\" data-dce-background-color=\"#26368A\" class=\"wd-negative-gap elementor-element elementor-element-7230e2f wd-section-stretch e-flex e-con-boxed e-con e-parent\" data-id=\"7230e2f\" data-element_type=\"container\" data-e-type=\"container\" data-settings=\"{&quot;background_background&quot;:&quot;gradient&quot;,&quot;shape_divider_top&quot;:&quot;wd_sweet_wave&quot;}\">\n\t\t\t\t\t<div class=\"e-con-inner\">\n\t\t\t\t<div class=\"elementor-shape elementor-shape-top\" aria-hidden=\"true\" data-negative=\"false\">\n\t\t\t<svg width=\"100%\" height=\"50px\" viewBox=\"0 0 1920 80\" xmlns=\"http:\/\/www.w3.org\/2000\/svg\" class=\"wd-divider\" preserveAspectRatio=\"none\">\n<path class=\"elementor-shape-fill\" d=\"M1920,60s-169.5,20-510,20S850.5,20,510,20,0,60,0,60V0H1920Z\" \/>\n<\/svg>\n\t\t<\/div>\n\t\t\t\t\t<\/div>\n\t\t\t\t<\/div>\n\t\t\t\t<\/div>\n\t\t","protected":false},"excerpt":{"rendered":"<p>Noticias 16 Juni Energy Globe Styria Award &#8211; Stadtwerke Leoben Wir freuen uns, mit unserem K-BUS Teil des Projekts \u201eLeoben<\/p>\n","protected":false},"author":12,"featured_media":0,"parent":0,"menu_order":0,"comment_status":"closed","ping_status":"closed","template":"","meta":{"_acf_changed":false,"footnotes":""},"class_list":["post-16614","page","type-page","status-publish","hentry"],"acf":[],"yoast_head":"<!-- This site is optimized with the Yoast SEO plugin v28.0 - https:\/\/yoast.com\/product\/yoast-seo-wordpress\/ -->\n<title>Noticias - K-Bus<\/title>\n<meta name=\"robots\" content=\"index, follow, max-snippet:-1, max-image-preview:large, max-video-preview:-1\" \/>\n<link rel=\"canonical\" href=\"https:\/\/k-bus.at\/es\/noticias\/\" \/>\n<meta property=\"og:locale\" content=\"es_ES\" \/>\n<meta property=\"og:type\" content=\"article\" \/>\n<meta property=\"og:title\" content=\"Noticias - K-Bus\" \/>\n<meta property=\"og:description\" content=\"Noticias 16 Juni Energy Globe Styria Award &#8211; Stadtwerke Leoben Wir freuen uns, mit unserem K-BUS Teil des Projekts \u201eLeoben\" \/>\n<meta property=\"og:url\" content=\"https:\/\/k-bus.at\/es\/noticias\/\" \/>\n<meta property=\"og:site_name\" content=\"K-Bus\" \/>\n<meta property=\"article:modified_time\" content=\"2026-07-02T07:41:00+00:00\" \/>\n<meta property=\"og:image\" content=\"https:\/\/k-bus.at\/wp-content\/uploads\/2026\/06\/Stadtwerke-Leoben-768x777.png\" \/>\n<meta name=\"twitter:card\" content=\"summary_large_image\" \/>\n<meta name=\"twitter:label1\" content=\"Tiempo de lectura\" \/>\n\t<meta name=\"twitter:data1\" content=\"2 minutos\" \/>\n<script type=\"application\/ld+json\" class=\"yoast-schema-graph\">{\"@context\":\"https:\\\/\\\/schema.org\",\"@graph\":[{\"@type\":\"WebPage\",\"@id\":\"https:\\\/\\\/k-bus.at\\\/es\\\/noticias\\\/\",\"url\":\"https:\\\/\\\/k-bus.at\\\/es\\\/noticias\\\/\",\"name\":\"Noticias - K-Bus\",\"isPartOf\":{\"@id\":\"https:\\\/\\\/k-bus.at\\\/es\\\/#website\"},\"primaryImageOfPage\":{\"@id\":\"https:\\\/\\\/k-bus.at\\\/es\\\/noticias\\\/#primaryimage\"},\"image\":{\"@id\":\"https:\\\/\\\/k-bus.at\\\/es\\\/noticias\\\/#primaryimage\"},\"thumbnailUrl\":\"https:\\\/\\\/k-bus.at\\\/wp-content\\\/uploads\\\/2026\\\/06\\\/Stadtwerke-Leoben-768x777.png\",\"datePublished\":\"2026-07-02T07:40:57+00:00\",\"dateModified\":\"2026-07-02T07:41:00+00:00\",\"breadcrumb\":{\"@id\":\"https:\\\/\\\/k-bus.at\\\/es\\\/noticias\\\/#breadcrumb\"},\"inLanguage\":\"es\",\"potentialAction\":[{\"@type\":\"ReadAction\",\"target\":[\"https:\\\/\\\/k-bus.at\\\/es\\\/noticias\\\/\"]}]},{\"@type\":\"ImageObject\",\"inLanguage\":\"es\",\"@id\":\"https:\\\/\\\/k-bus.at\\\/es\\\/noticias\\\/#primaryimage\",\"url\":\"https:\\\/\\\/k-bus.at\\\/wp-content\\\/uploads\\\/2026\\\/06\\\/Stadtwerke-Leoben-768x777.png\",\"contentUrl\":\"https:\\\/\\\/k-bus.at\\\/wp-content\\\/uploads\\\/2026\\\/06\\\/Stadtwerke-Leoben-768x777.png\"},{\"@type\":\"BreadcrumbList\",\"@id\":\"https:\\\/\\\/k-bus.at\\\/es\\\/noticias\\\/#breadcrumb\",\"itemListElement\":[{\"@type\":\"ListItem\",\"position\":1,\"name\":\"Startseite\",\"item\":\"https:\\\/\\\/k-bus.at\\\/es\\\/k-bus-gmbh\\\/\"},{\"@type\":\"ListItem\",\"position\":2,\"name\":\"Noticias\"}]},{\"@type\":\"WebSite\",\"@id\":\"https:\\\/\\\/k-bus.at\\\/es\\\/#website\",\"url\":\"https:\\\/\\\/k-bus.at\\\/es\\\/\",\"name\":\"K-Bus\",\"description\":\"Smart Mobility\",\"potentialAction\":[{\"@type\":\"SearchAction\",\"target\":{\"@type\":\"EntryPoint\",\"urlTemplate\":\"https:\\\/\\\/k-bus.at\\\/es\\\/?s={search_term_string}\"},\"query-input\":{\"@type\":\"PropertyValueSpecification\",\"valueRequired\":true,\"valueName\":\"search_term_string\"}}],\"inLanguage\":\"es\"}]}<\/script>\n<!-- \/ Yoast SEO plugin. -->","yoast_head_json":{"title":"Noticias - K-Bus","robots":{"index":"index","follow":"follow","max-snippet":"max-snippet:-1","max-image-preview":"max-image-preview:large","max-video-preview":"max-video-preview:-1"},"canonical":"https:\/\/k-bus.at\/es\/noticias\/","og_locale":"es_ES","og_type":"article","og_title":"Noticias - K-Bus","og_description":"Noticias 16 Juni Energy Globe Styria Award &#8211; Stadtwerke Leoben Wir freuen uns, mit unserem K-BUS Teil des Projekts \u201eLeoben","og_url":"https:\/\/k-bus.at\/es\/noticias\/","og_site_name":"K-Bus","article_modified_time":"2026-07-02T07:41:00+00:00","og_image":[{"url":"https:\/\/k-bus.at\/wp-content\/uploads\/2026\/06\/Stadtwerke-Leoben-768x777.png","type":"","width":"","height":""}],"twitter_card":"summary_large_image","twitter_misc":{"Tiempo de lectura":"2 minutos"},"schema":{"@context":"https:\/\/schema.org","@graph":[{"@type":"WebPage","@id":"https:\/\/k-bus.at\/es\/noticias\/","url":"https:\/\/k-bus.at\/es\/noticias\/","name":"Noticias - K-Bus","isPartOf":{"@id":"https:\/\/k-bus.at\/es\/#website"},"primaryImageOfPage":{"@id":"https:\/\/k-bus.at\/es\/noticias\/#primaryimage"},"image":{"@id":"https:\/\/k-bus.at\/es\/noticias\/#primaryimage"},"thumbnailUrl":"https:\/\/k-bus.at\/wp-content\/uploads\/2026\/06\/Stadtwerke-Leoben-768x777.png","datePublished":"2026-07-02T07:40:57+00:00","dateModified":"2026-07-02T07:41:00+00:00","breadcrumb":{"@id":"https:\/\/k-bus.at\/es\/noticias\/#breadcrumb"},"inLanguage":"es","potentialAction":[{"@type":"ReadAction","target":["https:\/\/k-bus.at\/es\/noticias\/"]}]},{"@type":"ImageObject","inLanguage":"es","@id":"https:\/\/k-bus.at\/es\/noticias\/#primaryimage","url":"https:\/\/k-bus.at\/wp-content\/uploads\/2026\/06\/Stadtwerke-Leoben-768x777.png","contentUrl":"https:\/\/k-bus.at\/wp-content\/uploads\/2026\/06\/Stadtwerke-Leoben-768x777.png"},{"@type":"BreadcrumbList","@id":"https:\/\/k-bus.at\/es\/noticias\/#breadcrumb","itemListElement":[{"@type":"ListItem","position":1,"name":"Startseite","item":"https:\/\/k-bus.at\/es\/k-bus-gmbh\/"},{"@type":"ListItem","position":2,"name":"Noticias"}]},{"@type":"WebSite","@id":"https:\/\/k-bus.at\/es\/#website","url":"https:\/\/k-bus.at\/es\/","name":"K-Bus","description":"Smart Mobility","potentialAction":[{"@type":"SearchAction","target":{"@type":"EntryPoint","urlTemplate":"https:\/\/k-bus.at\/es\/?s={search_term_string}"},"query-input":{"@type":"PropertyValueSpecification","valueRequired":true,"valueName":"search_term_string"}}],"inLanguage":"es"}]}},"_links":{"self":[{"href":"https:\/\/k-bus.at\/es\/wp-json\/wp\/v2\/pages\/16614","targetHints":{"allow":["GET"]}}],"collection":[{"href":"https:\/\/k-bus.at\/es\/wp-json\/wp\/v2\/pages"}],"about":[{"href":"https:\/\/k-bus.at\/es\/wp-json\/wp\/v2\/types\/page"}],"author":[{"embeddable":true,"href":"https:\/\/k-bus.at\/es\/wp-json\/wp\/v2\/users\/12"}],"replies":[{"embeddable":true,"href":"https:\/\/k-bus.at\/es\/wp-json\/wp\/v2\/comments?post=16614"}],"version-history":[{"count":0,"href":"https:\/\/k-bus.at\/es\/wp-json\/wp\/v2\/pages\/16614\/revisions"}],"wp:attachment":[{"href":"https:\/\/k-bus.at\/es\/wp-json\/wp\/v2\/media?parent=16614"}],"curies":[{"name":"wp","href":"https:\/\/api.w.org\/{rel}","templated":true}]}}