{"id":16239,"date":"2026-07-02T09:16:56","date_gmt":"2026-07-02T07:16:56","guid":{"rendered":"https:\/\/adiznctb3b.wpdns.site\/adatvedelem\/"},"modified":"2026-07-02T09:16:59","modified_gmt":"2026-07-02T07:16:59","slug":"adatvedelem","status":"publish","type":"page","link":"https:\/\/k-bus.at\/hu\/adatvedelem\/","title":{"rendered":"Adatv\u00e9delem"},"content":{"rendered":"\t\t<div data-elementor-type=\"wp-page\" data-elementor-id=\"16239\" class=\"elementor elementor-16239 elementor-14\" data-elementor-post-type=\"page\">\n\t\t\t\t\t\t<section data-particle_enable=\"false\" data-particle-mobile-disabled=\"false\" class=\"wd-negative-gap elementor-section elementor-top-section elementor-element elementor-element-5d10340d elementor-section-boxed elementor-section-height-default elementor-section-height-default\" data-id=\"5d10340d\" data-element_type=\"section\" data-e-type=\"section\">\n\t\t\t\t\t\t<div class=\"elementor-container elementor-column-gap-default\">\n\t\t\t\t\t<div class=\"elementor-column elementor-col-100 elementor-top-column elementor-element elementor-element-38f2258a\" data-id=\"38f2258a\" data-element_type=\"column\" data-e-type=\"column\">\n\t\t\t<div class=\"elementor-widget-wrap elementor-element-populated\">\n\t\t\t\t\t\t<div class=\"elementor-element elementor-element-33e7b156 color-scheme-inherit text-left elementor-widget elementor-widget-text-editor\" data-id=\"33e7b156\" data-element_type=\"widget\" data-e-type=\"widget\" data-widget_type=\"text-editor.default\">\n\t\t\t\t<div class=\"elementor-widget-container\">\n\t\t\t\t\t\t\t\t\t<h3 id=\"heading_Erklaerung_zur_Informationspflicht_2\" class=\"fusion-responsive-typography-calculated\" style=\"--fontsize: 32; line-height: 1.5;\" data-fontsize=\"32\" data-lineheight=\"48px\">Nyilatkozat az inform\u00e1ci\u00f3s k\u00f6telezetts\u00e9gr\u0151l<\/h3><h4 id=\"heading__Datenschutzerklaerung_\" class=\"fusion-responsive-typography-calculated\" style=\"--fontsize: 28; line-height: 1.5;\" data-fontsize=\"28\" data-lineheight=\"42px\">Adatv\u00e9delmi nyilatkozat<\/h4><p>Szem\u00e9lyes adatainak v\u00e9delme sz\u00e1munkra kiemelt fontoss\u00e1g\u00fa. Adatait ez\u00e9rt kiz\u00e1r\u00f3lag a jogszab\u00e1lyi el\u0151\u00edr\u00e1sok (DSG, TKG 2003, GDPR) alapj\u00e1n kezelj\u00fck. Jelen adatv\u00e9delmi t\u00e1j\u00e9koztat\u00f3ban t\u00e1j\u00e9koztatjuk \u00d6nt a weboldalunkon t\u00f6rt\u00e9n\u0151 adatkezel\u00e9s legfontosabb szempontjair\u00f3l.  <\/p><h4 id=\"heading_Kontakt_mit_uns\" class=\"fusion-responsive-typography-calculated\" style=\"--fontsize: 28; line-height: 1.5;\" data-fontsize=\"28\" data-lineheight=\"42px\">Kapcsolat<\/h4><p>Ha e-mailben l\u00e9p kapcsolatba vel\u00fcnk, az \u00d6n \u00e1ltal megadott adatokat a k\u00e9r\u00e9s feldolgoz\u00e1sa c\u00e9lj\u00e1b\u00f3l, valamint esetleges tov\u00e1bbi k\u00e9rd\u00e9sek eset\u00e9re hat h\u00f3napig t\u00e1roljuk. Ezeket az adatokat az \u00d6n hozz\u00e1j\u00e1rul\u00e1sa n\u00e9lk\u00fcl nem adjuk tov\u00e1bb. <\/p><h4 id=\"heading_Cookies\" class=\"fusion-responsive-typography-calculated\" style=\"--fontsize: 28; line-height: 1.5;\" data-fontsize=\"28\" data-lineheight=\"42px\">S\u00fctik<\/h4><p>Weboldalunk \u00fagynevezett cookie-kat haszn\u00e1l. Ezek kis sz\u00f6veges f\u00e1jlok, amelyeket a b\u00f6ng\u00e9sz\u0151 seg\u00edts\u00e9g\u00e9vel t\u00e1rolunk az \u00d6n eszk\u00f6z\u00e9n. Nem okoznak k\u00e1rt.  <\/p><p>A cookie-kat arra haszn\u00e1ljuk, hogy weboldalunkat felhaszn\u00e1l\u00f3bar\u00e1tt\u00e1 tegy\u00fck. N\u00e9h\u00e1ny cookie addig marad a k\u00e9sz\u00fcl\u00e9k\u00e9n, am\u00edg \u00d6n azokat t\u00f6rli. Ezek seg\u00edts\u00e9g\u00e9vel a k\u00f6vetkez\u0151 l\u00e1togat\u00e1sakor felismerhetj\u00fck a b\u00f6ng\u00e9sz\u0151j\u00e9t.  <\/p><p>Ha ezt nem k\u00edv\u00e1nja, be\u00e1ll\u00edthatja a b\u00f6ng\u00e9sz\u0151j\u00e9t \u00fagy, hogy az \u00e9rtes\u00edtse \u00d6nt a cookie-k elhelyez\u00e9s\u00e9r\u0151l, \u00e9s \u00d6n csak eseti alapon enged\u00e9lyezhesse azokat.<\/p><p>A cookie-k letilt\u00e1sa eset\u00e9n weboldalunk m\u0171k\u00f6d\u00e9se korl\u00e1tozott lehet.<\/p><h4 class=\"fusion-responsive-typography-calculated\" style=\"--fontsize: 28; line-height: 1.5;\" data-fontsize=\"28\" data-lineheight=\"42px\">Facebook-pixel<\/h4><p>Weboldalunk a Facebook Inc. (\u201eFacebook\u201d) \u201eFacebook-Pixel\u201d nev\u0171 remarketing-funkci\u00f3j\u00e1t haszn\u00e1lja. Ez a funkci\u00f3 arra szolg\u00e1l, hogy a weboldal l\u00e1togat\u00f3inak a <a href=\"https:\/\/www.trafficmaxx.de\/social-media-marketing\">Facebook k\u00f6z\u00f6ss\u00e9gi h\u00e1l\u00f3zat l\u00e1togat\u00e1sa sor\u00e1n \u00e9rdekl\u0151d\u00e9s\u00fcknek megfelel\u0151 hirdet\u00e9seket<\/a> (\u201eFacebook-hirdet\u00e9sek\u201d) jelen\u00edtsen meg. Ennek \u00e9rdek\u00e9ben weboldalunkon be\u00e9p\u00edtett\u00fck a Facebook-Pixelt. A Facebook-Pixel seg\u00edts\u00e9g\u00e9vel a weboldal l\u00e1togat\u00e1sakor k\u00f6zvetlen kapcsolat j\u00f6n l\u00e9tre a Facebook szervereivel. Ekkor a Facebook-szervernek tov\u00e1bb\u00edtj\u00e1k, hogy \u00d6n megl\u00e1togatta ezt a weboldalt, \u00e9s a Facebook ezt az inform\u00e1ci\u00f3t az \u00d6n szem\u00e9lyes Facebook-felhaszn\u00e1l\u00f3i fi\u00f3kj\u00e1hoz rendeli hozz\u00e1.     <\/p><p>A Facebook \u00e1ltal v\u00e9gzett adatgy\u0171jt\u00e9ssel \u00e9s -felhaszn\u00e1l\u00e1ssal, valamint az \u00d6n ezzel kapcsolatos jog\u00e1val \u00e9s a mag\u00e1n\u00e9let v\u00e9delm\u00e9t szolg\u00e1l\u00f3 lehet\u0151s\u00e9gekkel kapcsolatos tov\u00e1bbi inform\u00e1ci\u00f3kat a Facebook adatv\u00e9delmi nyilatkozat\u00e1ban tal\u00e1lja meg <a href=\"https:\/\/www.facebook.com\/about\/privacy\/\">a https:\/\/www.facebook.com\/about\/privacy\/<\/a> oldalon.<\/p><p>Alternat\u00edv megold\u00e1sk\u00e9nt a Facebook remarketing-funkci\u00f3j\u00e1t a <a href=\"https:\/\/www.facebook.com\/settings\/?tab=ads#_=_\">https:\/\/www.facebook.com\/settings\/?tab=ads#_=_<\/a> oldalon is kikapcsolhatja. Ehhez be kell jelentkeznie a Facebookra. <\/p><h4 id=\"heading_Ihre_Rechte\" class=\"fusion-responsive-typography-calculated\" style=\"--fontsize: 28; line-height: 1.5;\" data-fontsize=\"28\" data-lineheight=\"42px\">Jogai<\/h4><p>\u00d6nnek elvileg joga van az adataihoz val\u00f3 hozz\u00e1f\u00e9r\u00e9shez, azok helyesb\u00edt\u00e9s\u00e9hez, t\u00f6rl\u00e9s\u00e9hez, feldolgoz\u00e1suk korl\u00e1toz\u00e1s\u00e1hoz, az adatok hordozhat\u00f3s\u00e1g\u00e1hoz, a hozz\u00e1j\u00e1rul\u00e1s visszavon\u00e1s\u00e1hoz \u00e9s a tiltakoz\u00e1shoz. Ha \u00fagy v\u00e9li, hogy adatai feldolgoz\u00e1sa megs\u00e9rti az adatv\u00e9delmi jogot, vagy adatv\u00e9delmi jogai egy\u00e9b m\u00f3don s\u00e9r\u00fcltek, panaszt tehet a fel\u00fcgyeleti hat\u00f3s\u00e1gn\u00e1l. Ausztri\u00e1ban ez a Data Protection Authority (Adatv\u00e9delmi Hat\u00f3s\u00e1g).  <\/p><h4 id=\"heading_Sie_erreichen_uns_unter_folgenden_Kontaktdaten_\" class=\"fusion-responsive-typography-calculated\" style=\"--fontsize: 28; line-height: 1.5;\" data-fontsize=\"28\" data-lineheight=\"42px\">A k\u00f6vetkez\u0151 el\u00e9rhet\u0151s\u00e9geken \u00e9rhet el minket:<\/h4><p>K-Bus GmbH<br\/>Industriegasse I\/1<br\/>7053 Hornstein, Ausztria<br\/>Tel.: <a href=\"tel:\/\/00432689221612\">+43 2689 2216 12<\/a><br\/>E-mail: <a href=\"mailto:office@k-bus.at\">office@k-bus.at<\/a><br\/>Weboldal: www.k-bus.at<\/p>\t\t\t\t\t\t\t\t<\/div>\n\t\t\t\t<\/div>\n\t\t\t\t\t<\/div>\n\t\t<\/div>\n\t\t\t\t\t<\/div>\n\t\t<\/section>\n\t\t\t\t<\/div>\n\t\t","protected":false},"excerpt":{"rendered":"<p>Nyilatkozat az inform\u00e1ci\u00f3s k\u00f6telezetts\u00e9gr\u0151l Adatv\u00e9delmi nyilatkozat Szem\u00e9lyes adatainak v\u00e9delme sz\u00e1munkra kiemelt fontoss\u00e1g\u00fa. Adatait ez\u00e9rt kiz\u00e1r\u00f3lag a jogszab\u00e1lyi el\u0151\u00edr\u00e1sok (DSG, TKG<\/p>\n","protected":false},"author":1,"featured_media":0,"parent":0,"menu_order":0,"comment_status":"closed","ping_status":"closed","template":"","meta":{"_acf_changed":false,"footnotes":""},"class_list":["post-16239","page","type-page","status-publish","hentry"],"acf":[],"yoast_head":"<!-- This site is optimized with the Yoast SEO plugin v28.0 - https:\/\/yoast.com\/product\/yoast-seo-wordpress\/ -->\n<title>Adatv\u00e9delem - K-Bus<\/title>\n<meta name=\"robots\" content=\"index, follow, max-snippet:-1, max-image-preview:large, max-video-preview:-1\" \/>\n<link rel=\"canonical\" href=\"https:\/\/k-bus.at\/hu\/adatvedelem\/\" \/>\n<meta property=\"og:locale\" content=\"hu_HU\" \/>\n<meta property=\"og:type\" content=\"article\" \/>\n<meta property=\"og:title\" content=\"Adatv\u00e9delem - K-Bus\" \/>\n<meta property=\"og:description\" content=\"Nyilatkozat az inform\u00e1ci\u00f3s k\u00f6telezetts\u00e9gr\u0151l Adatv\u00e9delmi nyilatkozat Szem\u00e9lyes adatainak v\u00e9delme sz\u00e1munkra kiemelt fontoss\u00e1g\u00fa. Adatait ez\u00e9rt kiz\u00e1r\u00f3lag a jogszab\u00e1lyi el\u0151\u00edr\u00e1sok (DSG, TKG\" \/>\n<meta property=\"og:url\" content=\"https:\/\/k-bus.at\/hu\/adatvedelem\/\" \/>\n<meta property=\"og:site_name\" content=\"K-Bus\" \/>\n<meta property=\"article:modified_time\" content=\"2026-07-02T07:16:59+00:00\" \/>\n<meta name=\"twitter:card\" content=\"summary_large_image\" \/>\n<meta name=\"twitter:label1\" content=\"Becs\u00fclt olvas\u00e1si id\u0151\" \/>\n\t<meta name=\"twitter:data1\" content=\"3 perc\" \/>\n<script type=\"application\/ld+json\" class=\"yoast-schema-graph\">{\"@context\":\"https:\\\/\\\/schema.org\",\"@graph\":[{\"@type\":\"WebPage\",\"@id\":\"https:\\\/\\\/k-bus.at\\\/hu\\\/adatvedelem\\\/\",\"url\":\"https:\\\/\\\/k-bus.at\\\/hu\\\/adatvedelem\\\/\",\"name\":\"Adatv\u00e9delem - K-Bus\",\"isPartOf\":{\"@id\":\"https:\\\/\\\/k-bus.at\\\/hu\\\/#website\"},\"datePublished\":\"2026-07-02T07:16:56+00:00\",\"dateModified\":\"2026-07-02T07:16:59+00:00\",\"breadcrumb\":{\"@id\":\"https:\\\/\\\/k-bus.at\\\/hu\\\/adatvedelem\\\/#breadcrumb\"},\"inLanguage\":\"hu\",\"potentialAction\":[{\"@type\":\"ReadAction\",\"target\":[\"https:\\\/\\\/k-bus.at\\\/hu\\\/adatvedelem\\\/\"]}]},{\"@type\":\"BreadcrumbList\",\"@id\":\"https:\\\/\\\/k-bus.at\\\/hu\\\/adatvedelem\\\/#breadcrumb\",\"itemListElement\":[{\"@type\":\"ListItem\",\"position\":1,\"name\":\"Startseite\",\"item\":\"https:\\\/\\\/k-bus.at\\\/hu\\\/k-bus-kft\\\/\"},{\"@type\":\"ListItem\",\"position\":2,\"name\":\"Adatv\u00e9delem\"}]},{\"@type\":\"WebSite\",\"@id\":\"https:\\\/\\\/k-bus.at\\\/hu\\\/#website\",\"url\":\"https:\\\/\\\/k-bus.at\\\/hu\\\/\",\"name\":\"K-Bus\",\"description\":\"Smart Mobility\",\"potentialAction\":[{\"@type\":\"SearchAction\",\"target\":{\"@type\":\"EntryPoint\",\"urlTemplate\":\"https:\\\/\\\/k-bus.at\\\/hu\\\/?s={search_term_string}\"},\"query-input\":{\"@type\":\"PropertyValueSpecification\",\"valueRequired\":true,\"valueName\":\"search_term_string\"}}],\"inLanguage\":\"hu\"}]}<\/script>\n<!-- \/ Yoast SEO plugin. -->","yoast_head_json":{"title":"Adatv\u00e9delem - K-Bus","robots":{"index":"index","follow":"follow","max-snippet":"max-snippet:-1","max-image-preview":"max-image-preview:large","max-video-preview":"max-video-preview:-1"},"canonical":"https:\/\/k-bus.at\/hu\/adatvedelem\/","og_locale":"hu_HU","og_type":"article","og_title":"Adatv\u00e9delem - K-Bus","og_description":"Nyilatkozat az inform\u00e1ci\u00f3s k\u00f6telezetts\u00e9gr\u0151l Adatv\u00e9delmi nyilatkozat Szem\u00e9lyes adatainak v\u00e9delme sz\u00e1munkra kiemelt fontoss\u00e1g\u00fa. Adatait ez\u00e9rt kiz\u00e1r\u00f3lag a jogszab\u00e1lyi el\u0151\u00edr\u00e1sok (DSG, TKG","og_url":"https:\/\/k-bus.at\/hu\/adatvedelem\/","og_site_name":"K-Bus","article_modified_time":"2026-07-02T07:16:59+00:00","twitter_card":"summary_large_image","twitter_misc":{"Becs\u00fclt olvas\u00e1si id\u0151":"3 perc"},"schema":{"@context":"https:\/\/schema.org","@graph":[{"@type":"WebPage","@id":"https:\/\/k-bus.at\/hu\/adatvedelem\/","url":"https:\/\/k-bus.at\/hu\/adatvedelem\/","name":"Adatv\u00e9delem - K-Bus","isPartOf":{"@id":"https:\/\/k-bus.at\/hu\/#website"},"datePublished":"2026-07-02T07:16:56+00:00","dateModified":"2026-07-02T07:16:59+00:00","breadcrumb":{"@id":"https:\/\/k-bus.at\/hu\/adatvedelem\/#breadcrumb"},"inLanguage":"hu","potentialAction":[{"@type":"ReadAction","target":["https:\/\/k-bus.at\/hu\/adatvedelem\/"]}]},{"@type":"BreadcrumbList","@id":"https:\/\/k-bus.at\/hu\/adatvedelem\/#breadcrumb","itemListElement":[{"@type":"ListItem","position":1,"name":"Startseite","item":"https:\/\/k-bus.at\/hu\/k-bus-kft\/"},{"@type":"ListItem","position":2,"name":"Adatv\u00e9delem"}]},{"@type":"WebSite","@id":"https:\/\/k-bus.at\/hu\/#website","url":"https:\/\/k-bus.at\/hu\/","name":"K-Bus","description":"Smart Mobility","potentialAction":[{"@type":"SearchAction","target":{"@type":"EntryPoint","urlTemplate":"https:\/\/k-bus.at\/hu\/?s={search_term_string}"},"query-input":{"@type":"PropertyValueSpecification","valueRequired":true,"valueName":"search_term_string"}}],"inLanguage":"hu"}]}},"_links":{"self":[{"href":"https:\/\/k-bus.at\/hu\/wp-json\/wp\/v2\/pages\/16239","targetHints":{"allow":["GET"]}}],"collection":[{"href":"https:\/\/k-bus.at\/hu\/wp-json\/wp\/v2\/pages"}],"about":[{"href":"https:\/\/k-bus.at\/hu\/wp-json\/wp\/v2\/types\/page"}],"author":[{"embeddable":true,"href":"https:\/\/k-bus.at\/hu\/wp-json\/wp\/v2\/users\/1"}],"replies":[{"embeddable":true,"href":"https:\/\/k-bus.at\/hu\/wp-json\/wp\/v2\/comments?post=16239"}],"version-history":[{"count":0,"href":"https:\/\/k-bus.at\/hu\/wp-json\/wp\/v2\/pages\/16239\/revisions"}],"wp:attachment":[{"href":"https:\/\/k-bus.at\/hu\/wp-json\/wp\/v2\/media?parent=16239"}],"curies":[{"name":"wp","href":"https:\/\/api.w.org\/{rel}","templated":true}]}}