{"id":16526,"date":"2026-07-02T09:39:59","date_gmt":"2026-07-02T07:39:59","guid":{"rendered":"https:\/\/adiznctb3b.wpdns.site\/frettir\/"},"modified":"2026-07-02T09:39:59","modified_gmt":"2026-07-02T07:39:59","slug":"frettir","status":"publish","type":"page","link":"https:\/\/k-bus.at\/is\/frettir\/","title":{"rendered":"fr\u00e9ttir"},"content":{"rendered":"\t\t<div data-elementor-type=\"wp-page\" data-elementor-id=\"16526\" class=\"elementor elementor-16526 elementor-1576\" data-elementor-post-type=\"page\">\n\t\t\t\t<div data-event_function=\"{&quot;tween&quot;:&quot;to&quot;}\" class=\"eael_smooth_animation wd-negative-gap elementor-element elementor-element-4ded1d6 e-flex e-con-boxed e-con e-parent\" data-particle_enable=\"false\" data-particle-mobile-disabled=\"false\" data-id=\"4ded1d6\" data-element_type=\"container\" data-e-type=\"container\" data-settings=\"{&quot;background_background&quot;:&quot;slideshow&quot;,&quot;background_slideshow_gallery&quot;:[{&quot;id&quot;:8850,&quot;url&quot;:&quot;https:\\\/\\\/k-bus.at\\\/wp-content\\\/uploads\\\/2026\\\/05\\\/K-Bus_Museum5.png&quot;},{&quot;id&quot;:9682,&quot;url&quot;:&quot;https:\\\/\\\/k-bus.at\\\/wp-content\\\/uploads\\\/2026\\\/05\\\/K-Bus_ESolarCityL-scaled.png&quot;},{&quot;id&quot;:2393,&quot;url&quot;:&quot;https:\\\/\\\/k-bus.at\\\/wp-content\\\/uploads\\\/2026\\\/03\\\/Muerztaler-scaled-e1775812594961.jpg&quot;},{&quot;id&quot;:5327,&quot;url&quot;:&quot;https:\\\/\\\/k-bus.at\\\/wp-content\\\/uploads\\\/2026\\\/04\\\/IMG_5876-scaled-e1781161778962.jpeg&quot;}],&quot;background_slideshow_transition_duration&quot;:1000,&quot;background_slideshow_ken_burns&quot;:&quot;yes&quot;,&quot;shape_divider_top&quot;:&quot;waves&quot;,&quot;shape_divider_bottom&quot;:&quot;wd_sweet_wave&quot;,&quot;motion_fx_motion_fx_scrolling&quot;:&quot;yes&quot;,&quot;background_slideshow_loop&quot;:&quot;yes&quot;,&quot;background_slideshow_slide_duration&quot;:5000,&quot;background_slideshow_slide_transition&quot;:&quot;fade&quot;,&quot;background_slideshow_ken_burns_zoom_direction&quot;:&quot;in&quot;,&quot;motion_fx_devices&quot;:[&quot;desktop&quot;,&quot;tablet&quot;,&quot;mobile&quot;]}\">\n\t\t\t\t\t<div class=\"e-con-inner\">\n\t\t\t\t<div class=\"elementor-shape elementor-shape-top\" aria-hidden=\"true\" data-negative=\"false\">\n\t\t\t<svg xmlns=\"http:\/\/www.w3.org\/2000\/svg\" viewBox=\"0 0 1000 100\" preserveAspectRatio=\"none\">\n\t<path class=\"elementor-shape-fill\" d=\"M421.9,6.5c22.6-2.5,51.5,0.4,75.5,5.3c23.6,4.9,70.9,23.5,100.5,35.7c75.8,32.2,133.7,44.5,192.6,49.7\n\tc23.6,2.1,48.7,3.5,103.4-2.5c54.7-6,106.2-25.6,106.2-25.6V0H0v30.3c0,0,72,32.6,158.4,30.5c39.2-0.7,92.8-6.7,134-22.4\n\tc21.2-8.1,52.2-18.2,79.7-24.2C399.3,7.9,411.6,7.5,421.9,6.5z\"\/>\n<\/svg>\t\t<\/div>\n\t\t\t\t<div class=\"elementor-shape elementor-shape-bottom\" aria-hidden=\"true\" data-negative=\"false\">\n\t\t\t<svg width=\"100%\" height=\"50px\" viewBox=\"0 0 1920 80\" xmlns=\"http:\/\/www.w3.org\/2000\/svg\" class=\"wd-divider\" preserveAspectRatio=\"none\">\n<path class=\"elementor-shape-fill\" d=\"M1920,60s-169.5,20-510,20S850.5,20,510,20,0,60,0,60V0H1920Z\" \/>\n<\/svg>\n\t\t<\/div>\n\t\t\t\t<div data-dce-advanced-background-color=\"#FFFFFF\" class=\"elementor-element elementor-element-15edbd6 elementor-widget__width-inherit elementor-widget-mobile__width-initial elementor-widget elementor-widget-heading\" data-id=\"15edbd6\" data-element_type=\"widget\" data-e-type=\"widget\" data-widget_type=\"heading.default\">\n\t\t\t\t<div class=\"elementor-widget-container\">\n\t\t\t\t\t<h1 class=\"elementor-heading-title elementor-size-default\">fr\u00e9ttir<\/h1>\t\t\t\t<\/div>\n\t\t\t\t<\/div>\n\t\t\t\t\t<\/div>\n\t\t\t\t<\/div>\n\t\t<div data-particle_enable=\"false\" data-particle-mobile-disabled=\"false\" class=\"wd-negative-gap elementor-element elementor-element-bbcc86e e-flex e-con-boxed e-con e-parent\" data-id=\"bbcc86e\" data-element_type=\"container\" data-e-type=\"container\">\n\t\t\t\t\t<div class=\"e-con-inner\">\n\t\t\t\t<div class=\"elementor-element elementor-element-1f851fa wd-width-100 elementor-widget elementor-widget-wd_blog\" data-id=\"1f851fa\" data-element_type=\"widget\" data-e-type=\"widget\" data-widget_type=\"wd_blog.default\">\n\t\t\t\t<div class=\"elementor-widget-container\">\n\t\t\t\t\t\t\t\t\t\t\t\t<div class=\"wd-blog-element \">\n\t\t\t\t\t\t\t\t\t\t\t\n\t\t\t\t\t<div class=\"wd-posts wd-blog-holder wd-grid-g\" id=\"6a983d4849a59\" data-paged=\"1\" data-atts=\"{&quot;post_type&quot;:&quot;post&quot;,&quot;items_per_page&quot;:12,&quot;include&quot;:null,&quot;taxonomies&quot;:&quot;&quot;,&quot;offset&quot;:&quot;&quot;,&quot;orderby&quot;:&quot;date&quot;,&quot;order&quot;:&quot;DESC&quot;,&quot;meta_key&quot;:null,&quot;exclude&quot;:&quot;&quot;,&quot;element_title&quot;:&quot;&quot;,&quot;element_title_tag&quot;:&quot;h2&quot;,&quot;parts_media&quot;:true,&quot;parts_title&quot;:&quot;1&quot;,&quot;parts_meta&quot;:&quot;&quot;,&quot;parts_text&quot;:&quot;1&quot;,&quot;parts_btn&quot;:&quot;&quot;,&quot;parts_published_date&quot;:&quot;1&quot;,&quot;img_size&quot;:&quot;medium_large&quot;,&quot;blog_design&quot;:&quot;chess&quot;,&quot;blog_carousel_design&quot;:null,&quot;blog_masonry&quot;:null,&quot;blog_columns&quot;:null,&quot;blog_columns_tablet&quot;:{&quot;size&quot;:&quot;&quot;},&quot;blog_columns_mobile&quot;:{&quot;size&quot;:&quot;&quot;},&quot;blog_spacing&quot;:null,&quot;blog_spacing_tablet&quot;:&quot;&quot;,&quot;blog_spacing_mobile&quot;:&quot;&quot;,&quot;pagination&quot;:&quot;infinit&quot;,&quot;speed&quot;:null,&quot;slides_per_view&quot;:null,&quot;slides_per_view_tablet&quot;:{&quot;size&quot;:&quot;&quot;},&quot;slides_per_view_mobile&quot;:{&quot;size&quot;:&quot;&quot;},&quot;wrap&quot;:null,&quot;autoplay&quot;:null,&quot;hide_pagination_control&quot;:null,&quot;hide_prev_next_buttons&quot;:null,&quot;scroll_per_page&quot;:null,&quot;lazy_loading&quot;:&quot;no&quot;,&quot;scroll_carousel_init&quot;:null,&quot;ajax_page&quot;:&quot;&quot;,&quot;custom_sizes&quot;:false,&quot;elementor&quot;:true}\" data-source=\"shortcode\">\n\t\t\t\n\t\t\t\t\t\t\t\t\t\t\t\t\t\t\n<article id=\"post-16514\" class=\"wd-post blog-design-chess blog-post-loop blog-design-small-images blog-style-bg wd-add-shadow wd-col post-16514 post type-post status-publish format-standard has-post-thumbnail hentry category-unkategorisiert\">\n\t<div class=\"wd-post-inner article-inner\">\n\t\t\t\t\t<div class=\"wd-post-thumb entry-header\">\n\t\t\t\t\t\t\t\t\t<div class=\"wd-post-img post-img-wrapp\">\n\t\t\t\t\t\t<img decoding=\"async\" width=\"768\" height=\"549\" src=\"https:\/\/k-bus.at\/wp-content\/uploads\/2026\/01\/e-daily5_solar_xl_kbus-e1781161208356-768x549.jpg\" class=\"attachment-medium_large size-medium_large\" alt=\"\" srcset=\"https:\/\/k-bus.at\/wp-content\/uploads\/2026\/01\/e-daily5_solar_xl_kbus-e1781161208356-768x549.jpg 768w, https:\/\/k-bus.at\/wp-content\/uploads\/2026\/01\/e-daily5_solar_xl_kbus-e1781161208356-300x215.jpg 300w, https:\/\/k-bus.at\/wp-content\/uploads\/2026\/01\/e-daily5_solar_xl_kbus-e1781161208356.jpg 1000w\" sizes=\"(max-width: 768px) 100vw, 768px\" \/>\t\t\t\t\t<\/div>\n\t\t\t\t\t\t\t\t\t\t<a class=\"wd-fill\" tabindex=\"-1\" href=\"https:\/\/k-bus.at\/is\/rafmagns-solarborgarrutur-eru-i-notkun-med-godum-arangri-i-evropskum-borgum\/\" aria-label=\"Link on post Rafmagns-s\u00f3larborgarr\u00fatur eru \u00ed notkun me\u00f0 g\u00f3\u00f0um \u00e1rangri \u00ed evr\u00f3pskum borgum\"><\/a>\n\t\t\t\t\n\t\t\t\t\t\t\t\t\t\t\t\t<div class=\"wd-post-date wd-style-with-bg\">\n\t\t\t\t<span class=\"post-date-day\">\n\t\t\t\t\t02\t\t\t\t<\/span>\n\t\t\t\t<span class=\"post-date-month\">\n\t\t\t\t\tj\u00fal\t\t\t\t<\/span>\n\t\t\t<\/div>\n\t\t\t\t\t\t\t\t\t<\/div>\n\t\t\n\t\t<div class=\"wd-post-content article-body-container\">\n\t\t\t\n\t\t\t\t\t\t\t<h3 class=\"wd-post-title wd-entities-title title post-title\">\n\t\t\t\t\t<a href=\"https:\/\/k-bus.at\/is\/rafmagns-solarborgarrutur-eru-i-notkun-med-godum-arangri-i-evropskum-borgum\/\" rel=\"bookmark\">Rafmagns-s\u00f3larborgarr\u00fatur eru \u00ed notkun me\u00f0 g\u00f3\u00f0um \u00e1rangri \u00ed evr\u00f3pskum borgum<\/a>\n\t\t\t\t<\/h3>\n\t\t\t\n\t\t\t\n\t\t\t\t\t\t\t\t\t\t\t\t<div class=\"wd-post-excerpt entry-content\">\n\t\t\t\t\t\tRafkn\u00fanar s\u00f3larborgarr\u00fatur okkar hafa fest sig \u00ed sessi: \u00de\u00e6r eru \u00feegar \u00ed notkun \u00ed borgum eins og Stokkh\u00f3lmi, K\u00f6ln, Kapfenberg e\u00f0a Koper \u2013 \u00e1rei\u00f0anlegar, hindrunarlausar og losunarlausar.\n\u00c1ri\u00f0 2017 \u00fer\u00f3u\u00f0um vi\u00f0 n\u00fdja ger\u00f0 rafkn\u00fainna str\u00e6tisvagna me\u00f0...\t\t\t\t\t<\/div>\n\t\t\t\t\n\t\t\t\t\t\t\t\t\t<\/div>\n\t<\/div>\n<\/article>\n\n\t\t\t\t\t\t\t\t\t\t\t\t\t\t\n<article id=\"post-16495\" class=\"wd-post blog-design-chess blog-post-loop blog-design-small-images blog-style-bg wd-add-shadow wd-col post-16495 post type-post status-publish format-standard has-post-thumbnail hentry category-unkategorisiert\">\n\t<div class=\"wd-post-inner article-inner\">\n\t\t\t\t\t<div class=\"wd-post-thumb entry-header\">\n\t\t\t\t\t\t\t\t\t<div class=\"wd-post-img post-img-wrapp\">\n\t\t\t\t\t\t<img decoding=\"async\" width=\"768\" height=\"576\" src=\"https:\/\/k-bus.at\/wp-content\/uploads\/2025\/11\/IMG-20200930-WA0001-768x576.jpg\" class=\"attachment-medium_large size-medium_large\" alt=\"\" srcset=\"https:\/\/k-bus.at\/wp-content\/uploads\/2025\/11\/IMG-20200930-WA0001-768x576.jpg 768w, https:\/\/k-bus.at\/wp-content\/uploads\/2025\/11\/IMG-20200930-WA0001-300x225.jpg 300w, https:\/\/k-bus.at\/wp-content\/uploads\/2025\/11\/IMG-20200930-WA0001-1024x768.jpg 1024w, https:\/\/k-bus.at\/wp-content\/uploads\/2025\/11\/IMG-20200930-WA0001-1536x1152.jpg 1536w, https:\/\/k-bus.at\/wp-content\/uploads\/2025\/11\/IMG-20200930-WA0001.jpg 1600w\" sizes=\"(max-width: 768px) 100vw, 768px\" \/>\t\t\t\t\t<\/div>\n\t\t\t\t\t\t\t\t\t\t<a class=\"wd-fill\" tabindex=\"-1\" href=\"https:\/\/k-bus.at\/is\/rafmagnssolborgin-i-wielsburg\/\" aria-label=\"Link on post Rafmagnss\u00f3lborgin \u00ed Wielsburg\"><\/a>\n\t\t\t\t\n\t\t\t\t\t\t\t\t\t\t\t\t<div class=\"wd-post-date wd-style-with-bg\">\n\t\t\t\t<span class=\"post-date-day\">\n\t\t\t\t\t02\t\t\t\t<\/span>\n\t\t\t\t<span class=\"post-date-month\">\n\t\t\t\t\tj\u00fal\t\t\t\t<\/span>\n\t\t\t<\/div>\n\t\t\t\t\t\t\t\t\t<\/div>\n\t\t\n\t\t<div class=\"wd-post-content article-body-container\">\n\t\t\t\n\t\t\t\t\t\t\t<h3 class=\"wd-post-title wd-entities-title title post-title\">\n\t\t\t\t\t<a href=\"https:\/\/k-bus.at\/is\/rafmagnssolborgin-i-wielsburg\/\" rel=\"bookmark\">Rafmagnss\u00f3lborgin \u00ed Wielsburg<\/a>\n\t\t\t\t<\/h3>\n\t\t\t\n\t\t\t\n\t\t\t\t\t\t\t\t\t\t\t\t<div class=\"wd-post-excerpt entry-content\">\n\t\t\t\t\t\tEftir m\u00e1na\u00f0ar rekstur dregur sveitarf\u00e9lagi\u00f0 Wieselburg mj\u00f6g j\u00e1kv\u00e6\u00f0a ni\u00f0urst\u00f6\u00f0u um rafmagnsr\u00fatuna \u201eStadtwiesel\u201c.\t\t\t\t\t<\/div>\n\t\t\t\t\n\t\t\t\t\t\t\t\t\t<\/div>\n\t<\/div>\n<\/article>\n\n\t\t\t\t\t\t\t\t\t\t\t\t\t\t\n<article id=\"post-16486\" class=\"wd-post blog-design-chess blog-post-loop blog-design-small-images blog-style-bg wd-add-shadow wd-col post-16486 post type-post status-publish format-standard has-post-thumbnail hentry category-unkategorisiert\">\n\t<div class=\"wd-post-inner article-inner\">\n\t\t\t\t\t<div class=\"wd-post-thumb entry-header\">\n\t\t\t\t\t\t\t\t\t<div class=\"wd-post-img post-img-wrapp\">\n\t\t\t\t\t\t<img decoding=\"async\" width=\"768\" height=\"576\" src=\"https:\/\/k-bus.at\/wp-content\/uploads\/2026\/03\/Muerztaler-768x576.jpg\" class=\"attachment-medium_large size-medium_large\" alt=\"\" srcset=\"https:\/\/k-bus.at\/wp-content\/uploads\/2026\/03\/Muerztaler-768x576.jpg 768w, https:\/\/k-bus.at\/wp-content\/uploads\/2026\/03\/Muerztaler-300x225.jpg 300w, https:\/\/k-bus.at\/wp-content\/uploads\/2026\/03\/Muerztaler-1024x768.jpg 1024w, https:\/\/k-bus.at\/wp-content\/uploads\/2026\/03\/Muerztaler-1536x1152.jpg 1536w, https:\/\/k-bus.at\/wp-content\/uploads\/2026\/03\/Muerztaler-2048x1536.jpg 2048w\" sizes=\"(max-width: 768px) 100vw, 768px\" \/>\t\t\t\t\t<\/div>\n\t\t\t\t\t\t\t\t\t\t<a class=\"wd-fill\" tabindex=\"-1\" href=\"https:\/\/k-bus.at\/is\/fyrsta-rafmagnsrutan-med-nyrri-hoennun-fra-k-bus-fyrir-kapfenberg\/\" aria-label=\"Link on post Fyrsta rafmagnsr\u00fatan me\u00f0 n\u00fdrri h\u00f6nnun fr\u00e1 K-BUS fyrir Kapfenberg\"><\/a>\n\t\t\t\t\n\t\t\t\t\t\t\t\t\t\t\t\t<div class=\"wd-post-date wd-style-with-bg\">\n\t\t\t\t<span class=\"post-date-day\">\n\t\t\t\t\t02\t\t\t\t<\/span>\n\t\t\t\t<span class=\"post-date-month\">\n\t\t\t\t\tj\u00fal\t\t\t\t<\/span>\n\t\t\t<\/div>\n\t\t\t\t\t\t\t\t\t<\/div>\n\t\t\n\t\t<div class=\"wd-post-content article-body-container\">\n\t\t\t\n\t\t\t\t\t\t\t<h3 class=\"wd-post-title wd-entities-title title post-title\">\n\t\t\t\t\t<a href=\"https:\/\/k-bus.at\/is\/fyrsta-rafmagnsrutan-med-nyrri-hoennun-fra-k-bus-fyrir-kapfenberg\/\" rel=\"bookmark\">Fyrsta rafmagnsr\u00fatan me\u00f0 n\u00fdrri h\u00f6nnun fr\u00e1 K-BUS fyrir Kapfenberg<\/a>\n\t\t\t\t<\/h3>\n\t\t\t\n\t\t\t\n\t\t\t\t\t\t\t\t\t\t\t\t<div class=\"wd-post-excerpt entry-content\">\n\t\t\t\t\t\tK-BUS er \u00e1n\u00e6gt a\u00f0 tilkynna a\u00f0 fyrsta rafkn\u00fana str\u00e6tisvagninn \u00ed n\u00fdrri h\u00f6nnun hafi veri\u00f0 tekinn \u00ed notkun. \u00deessi n\u00fdst\u00e1rlega str\u00e6tisvagn er n\u00fa \u00ed notkun \u00ed Kapfenberg og stendur fyrir n\u00fat\u00edmalega og sj\u00e1lfb\u00e6ra samg\u00f6ngur \u00e1 sv\u00e6\u00f0inu....\t\t\t\t\t<\/div>\n\t\t\t\t\n\t\t\t\t\t\t\t\t\t<\/div>\n\t<\/div>\n<\/article>\n\n\t\t\t\t\t\t\t\t\t\t\t\t\t\t\n<article id=\"post-16476\" class=\"wd-post blog-design-chess blog-post-loop blog-design-small-images blog-style-bg wd-add-shadow wd-col post-16476 post type-post status-publish format-standard has-post-thumbnail hentry category-unkategorisiert\">\n\t<div class=\"wd-post-inner article-inner\">\n\t\t\t\t\t<div class=\"wd-post-thumb entry-header\">\n\t\t\t\t\t\t\t\t\t<div class=\"wd-post-img post-img-wrapp\">\n\t\t\t\t\t\t<img decoding=\"async\" width=\"768\" height=\"576\" src=\"https:\/\/k-bus.at\/wp-content\/uploads\/2026\/04\/20260310_1016140-768x576.jpg\" class=\"attachment-medium_large size-medium_large\" alt=\"KBus-Kutsenits\" srcset=\"https:\/\/k-bus.at\/wp-content\/uploads\/2026\/04\/20260310_1016140-768x576.jpg 768w, https:\/\/k-bus.at\/wp-content\/uploads\/2026\/04\/20260310_1016140-300x225.jpg 300w, https:\/\/k-bus.at\/wp-content\/uploads\/2026\/04\/20260310_1016140-1024x768.jpg 1024w, https:\/\/k-bus.at\/wp-content\/uploads\/2026\/04\/20260310_1016140-1536x1152.jpg 1536w, https:\/\/k-bus.at\/wp-content\/uploads\/2026\/04\/20260310_1016140-2048x1536.jpg 2048w\" sizes=\"(max-width: 768px) 100vw, 768px\" \/>\t\t\t\t\t<\/div>\n\t\t\t\t\t\t\t\t\t\t<a class=\"wd-fill\" tabindex=\"-1\" href=\"https:\/\/k-bus.at\/is\/rafknunir-rutur-fra-k-bus-styrkja-sjalfbaera-samgoengur-i-leoben\/\" aria-label=\"Link on post Rafkn\u00fanir r\u00fatur fr\u00e1 K-BUS styrkja sj\u00e1lfb\u00e6ra samg\u00f6ngur \u00ed Leoben\"><\/a>\n\t\t\t\t\n\t\t\t\t\t\t\t\t\t\t\t\t<div class=\"wd-post-date wd-style-with-bg\">\n\t\t\t\t<span class=\"post-date-day\">\n\t\t\t\t\t02\t\t\t\t<\/span>\n\t\t\t\t<span class=\"post-date-month\">\n\t\t\t\t\tj\u00fal\t\t\t\t<\/span>\n\t\t\t<\/div>\n\t\t\t\t\t\t\t\t\t<\/div>\n\t\t\n\t\t<div class=\"wd-post-content article-body-container\">\n\t\t\t\n\t\t\t\t\t\t\t<h3 class=\"wd-post-title wd-entities-title title post-title\">\n\t\t\t\t\t<a href=\"https:\/\/k-bus.at\/is\/rafknunir-rutur-fra-k-bus-styrkja-sjalfbaera-samgoengur-i-leoben\/\" rel=\"bookmark\">Rafkn\u00fanir r\u00fatur fr\u00e1 K-BUS styrkja sj\u00e1lfb\u00e6ra samg\u00f6ngur \u00ed Leoben<\/a>\n\t\t\t\t<\/h3>\n\t\t\t\n\t\t\t\n\t\t\t\t\t\t\t\t\t\t\t\t<div class=\"wd-post-excerpt entry-content\">\n\t\t\t\t\t\tRafv\u00e6\u00f0ing almenningssamgangna \u00ed Leoben gengur vel. Me\u00f0 afhendingu n\u00fdrra rafkn\u00fainna str\u00e6tisvagna er floti flutningafyrirt\u00e6kisins \u00ed Leoben a\u00f0 st\u00e6kka verulega. \u00deessir n\u00fat\u00edmalegu \u00f6kut\u00e6ki ver\u00f0a notu\u00f0 b\u00e6\u00f0i \u00ed reglulegri borgarr\u00fatu\u00fej\u00f3nustu og str\u00e6tisvagna\u00fej\u00f3nustu eftir \u00fe\u00f6rfum og munu \u00feannig...\t\t\t\t\t<\/div>\n\t\t\t\t\n\t\t\t\t\t\t\t\t\t<\/div>\n\t<\/div>\n<\/article>\n\n\t\t\t\t\t\t\t\t\t\t\t\t\t\t\n<article id=\"post-16465\" class=\"wd-post blog-design-chess blog-post-loop blog-design-small-images blog-style-bg wd-add-shadow wd-col post-16465 post type-post status-publish format-standard has-post-thumbnail hentry category-unkategorisiert\">\n\t<div class=\"wd-post-inner article-inner\">\n\t\t\t\t\t<div class=\"wd-post-thumb entry-header\">\n\t\t\t\t\t\t\t\t\t<div class=\"wd-post-img post-img-wrapp\">\n\t\t\t\t\t\t<img decoding=\"async\" width=\"768\" height=\"576\" src=\"https:\/\/k-bus.at\/wp-content\/uploads\/2026\/04\/20251112_071301-768x576.jpg\" class=\"attachment-medium_large size-medium_large\" alt=\"KBus-Kutsenits\" srcset=\"https:\/\/k-bus.at\/wp-content\/uploads\/2026\/04\/20251112_071301-768x576.jpg 768w, https:\/\/k-bus.at\/wp-content\/uploads\/2026\/04\/20251112_071301-300x225.jpg 300w, https:\/\/k-bus.at\/wp-content\/uploads\/2026\/04\/20251112_071301-1024x768.jpg 1024w, https:\/\/k-bus.at\/wp-content\/uploads\/2026\/04\/20251112_071301.jpg 1280w\" sizes=\"(max-width: 768px) 100vw, 768px\" \/>\t\t\t\t\t<\/div>\n\t\t\t\t\t\t\t\t\t\t<a class=\"wd-fill\" tabindex=\"-1\" href=\"https:\/\/k-bus.at\/is\/k-bus-kemur-med-fyrstu-rafmagnsrutulinuna-til-innsbruck\/\" aria-label=\"Link on post K-BUS kemur me\u00f0 fyrstu rafmagnsr\u00fatul\u00ednuna til Innsbruck\"><\/a>\n\t\t\t\t\n\t\t\t\t\t\t\t\t\t\t\t\t<div class=\"wd-post-date wd-style-with-bg\">\n\t\t\t\t<span class=\"post-date-day\">\n\t\t\t\t\t02\t\t\t\t<\/span>\n\t\t\t\t<span class=\"post-date-month\">\n\t\t\t\t\tj\u00fal\t\t\t\t<\/span>\n\t\t\t<\/div>\n\t\t\t\t\t\t\t\t\t<\/div>\n\t\t\n\t\t<div class=\"wd-post-content article-body-container\">\n\t\t\t\n\t\t\t\t\t\t\t<h3 class=\"wd-post-title wd-entities-title title post-title\">\n\t\t\t\t\t<a href=\"https:\/\/k-bus.at\/is\/k-bus-kemur-med-fyrstu-rafmagnsrutulinuna-til-innsbruck\/\" rel=\"bookmark\">K-BUS kemur me\u00f0 fyrstu rafmagnsr\u00fatul\u00ednuna til Innsbruck<\/a>\n\t\t\t\t<\/h3>\n\t\t\t\n\t\t\t\n\t\t\t\t\t\t\t\t\t\t\t\t<div class=\"wd-post-excerpt entry-content\">\n\t\t\t\t\t\tMe\u00f0 tilkomu fyrstu rafmagnsr\u00fatul\u00ednunnar \u00ed Innsbruck heldur \u00fat\u00feensla sj\u00e1lfb\u00e6rrar samgangna \u00e1fram. N\u00fat\u00edmalegar rafmagnsr\u00fatur af ger\u00f0inni K-Bus, s\u00e9rstaklega hanna\u00f0ar fyrir notkun \u00ed \u00fe\u00e9ttb\u00fdli \u00e1 \u00fer\u00f6ngu g\u00f6tum og me\u00f0 um \u00fea\u00f0 bil 150 k\u00edl\u00f3metra dr\u00e6gni, ver\u00f0a nota\u00f0ar...\t\t\t\t\t<\/div>\n\t\t\t\t\n\t\t\t\t\t\t\t\t\t<\/div>\n\t<\/div>\n<\/article>\n\n\t\t\t\t\t\t\t\t\t\t\t\t\t\t\n<article id=\"post-16456\" class=\"wd-post blog-design-chess blog-post-loop blog-design-small-images blog-style-bg wd-add-shadow wd-col post-16456 post type-post status-publish format-standard has-post-thumbnail hentry category-unkategorisiert\">\n\t<div class=\"wd-post-inner article-inner\">\n\t\t\t\t\t<div class=\"wd-post-thumb entry-header\">\n\t\t\t\t\t\t\t\t\t<div class=\"wd-post-img post-img-wrapp\">\n\t\t\t\t\t\t<img decoding=\"async\" width=\"768\" height=\"576\" src=\"https:\/\/k-bus.at\/wp-content\/uploads\/2026\/04\/IMG_5876-768x576.jpeg\" class=\"attachment-medium_large size-medium_large\" alt=\"\" srcset=\"https:\/\/k-bus.at\/wp-content\/uploads\/2026\/04\/IMG_5876-768x576.jpeg 768w, https:\/\/k-bus.at\/wp-content\/uploads\/2026\/04\/IMG_5876-300x225.jpeg 300w, https:\/\/k-bus.at\/wp-content\/uploads\/2026\/04\/IMG_5876-1024x768.jpeg 1024w, https:\/\/k-bus.at\/wp-content\/uploads\/2026\/04\/IMG_5876-1536x1152.jpeg 1536w, https:\/\/k-bus.at\/wp-content\/uploads\/2026\/04\/IMG_5876-2048x1536.jpeg 2048w\" sizes=\"(max-width: 768px) 100vw, 768px\" \/>\t\t\t\t\t<\/div>\n\t\t\t\t\t\t\t\t\t\t<a class=\"wd-fill\" tabindex=\"-1\" href=\"https:\/\/k-bus.at\/is\/k-bus-a-bus2bus-vidskiptamessunni-i-berlin-2026\/\" aria-label=\"Link on post K-BUS \u00e1 BUS2BUS vi\u00f0skiptamessunni \u00ed Berl\u00edn 2026\"><\/a>\n\t\t\t\t\n\t\t\t\t\t\t\t\t\t\t\t\t<div class=\"wd-post-date wd-style-with-bg\">\n\t\t\t\t<span class=\"post-date-day\">\n\t\t\t\t\t02\t\t\t\t<\/span>\n\t\t\t\t<span class=\"post-date-month\">\n\t\t\t\t\tj\u00fal\t\t\t\t<\/span>\n\t\t\t<\/div>\n\t\t\t\t\t\t\t\t\t<\/div>\n\t\t\n\t\t<div class=\"wd-post-content article-body-container\">\n\t\t\t\n\t\t\t\t\t\t\t<h3 class=\"wd-post-title wd-entities-title title post-title\">\n\t\t\t\t\t<a href=\"https:\/\/k-bus.at\/is\/k-bus-a-bus2bus-vidskiptamessunni-i-berlin-2026\/\" rel=\"bookmark\">K-BUS \u00e1 BUS2BUS vi\u00f0skiptamessunni \u00ed Berl\u00edn 2026<\/a>\n\t\t\t\t<\/h3>\n\t\t\t\n\t\t\t\n\t\t\t\t\t\t\t\t\t\t\t\t<div class=\"wd-post-excerpt entry-content\">\n\t\t\t\t\t\tDagana 15. og 16. apr\u00edl var K-BUS fulltr\u00faa\u00f0ur \u00e1 BUS2BUS vi\u00f0skiptamessunni \u2013 einum mikilv\u00e6gasta vettvangi i\u00f0na\u00f0arins fyrir n\u00fdst\u00e1rlegar lausnir \u00ed samg\u00f6ngum \u00ed str\u00e6t\u00f3geiranum.  \n\u00c1herslan var \u00e1 pers\u00f3nuleg samskipti vi\u00f0 vi\u00f0skiptagesti, samstarfsa\u00f0ila og \u00e1hugasama a\u00f0ila,...\t\t\t\t\t<\/div>\n\t\t\t\t\n\t\t\t\t\t\t\t\t\t<\/div>\n\t<\/div>\n<\/article>\n\n\t\t\t\t\t\t\t\t\t\t\t\t\t\t\n<article id=\"post-16446\" class=\"wd-post blog-design-chess blog-post-loop blog-design-small-images blog-style-bg wd-add-shadow wd-col post-16446 post type-post status-publish format-standard has-post-thumbnail hentry category-unkategorisiert\">\n\t<div class=\"wd-post-inner article-inner\">\n\t\t\t\t\t<div class=\"wd-post-thumb entry-header\">\n\t\t\t\t\t\t\t\t\t<div class=\"wd-post-img post-img-wrapp\">\n\t\t\t\t\t\t<img decoding=\"async\" width=\"768\" height=\"777\" src=\"https:\/\/k-bus.at\/wp-content\/uploads\/2026\/06\/Stadtwerke-Leoben-768x777.png\" class=\"attachment-medium_large size-medium_large\" alt=\"\" srcset=\"https:\/\/k-bus.at\/wp-content\/uploads\/2026\/06\/Stadtwerke-Leoben-768x777.png 768w, https:\/\/k-bus.at\/wp-content\/uploads\/2026\/06\/Stadtwerke-Leoben-296x300.png 296w, https:\/\/k-bus.at\/wp-content\/uploads\/2026\/06\/Stadtwerke-Leoben.png 1009w\" sizes=\"(max-width: 768px) 100vw, 768px\" \/>\t\t\t\t\t<\/div>\n\t\t\t\t\t\t\t\t\t\t<a class=\"wd-fill\" tabindex=\"-1\" href=\"https:\/\/k-bus.at\/is\/energy-globe-styria-verdlaunin-leoben-municipal-utilities\/\" aria-label=\"Link on post Energy Globe Styria-ver\u00f0launin &#8211; Leoben Municipal Utilities\"><\/a>\n\t\t\t\t\n\t\t\t\t\t\t\t\t\t\t\t\t<div class=\"wd-post-date wd-style-with-bg\">\n\t\t\t\t<span class=\"post-date-day\">\n\t\t\t\t\t02\t\t\t\t<\/span>\n\t\t\t\t<span class=\"post-date-month\">\n\t\t\t\t\tj\u00fal\t\t\t\t<\/span>\n\t\t\t<\/div>\n\t\t\t\t\t\t\t\t\t<\/div>\n\t\t\n\t\t<div class=\"wd-post-content article-body-container\">\n\t\t\t\n\t\t\t\t\t\t\t<h3 class=\"wd-post-title wd-entities-title title post-title\">\n\t\t\t\t\t<a href=\"https:\/\/k-bus.at\/is\/energy-globe-styria-verdlaunin-leoben-municipal-utilities\/\" rel=\"bookmark\">Energy Globe Styria-ver\u00f0launin &#8211; Leoben Municipal Utilities<\/a>\n\t\t\t\t<\/h3>\n\t\t\t\n\t\t\t\n\t\t\t\t\t\t\t\t\t\t\t\t<div class=\"wd-post-excerpt entry-content\">\n\t\t\t\t\t\tVi\u00f0 erum \u00e1n\u00e6g\u00f0 me\u00f0 a\u00f0 vera hluti af verkefninu \u201eLeoben in Motion\u201c hj\u00e1 veitufyrirt\u00e6kjum Leoben me\u00f0 K-BUS-b\u00edlnum okkar.\nVerkefni\u00f0 hlaut Energy Globe Styria-ver\u00f0launin 2026 \u00ed flokknum hreyfanleiki.\nVi\u00f0 myndbandi\u00f0 fr\u00e1 veitufyrirt\u00e6kinu Leoben:\nhttps:\/\/fb.watch\/HMPP3yKxB\t\t\t\t\t<\/div>\n\t\t\t\t\n\t\t\t\t\t\t\t\t\t<\/div>\n\t<\/div>\n<\/article>\n\n\t\t\t\t\n\t\t\t\t\t\t\t\t<\/div>\n\t\t\t\n\t\t\t\t\t\t\t\t\t\t<\/div>\n\t\t\t\t\t\t\t\t\t\t<\/div>\n\t\t\t\t<\/div>\n\t\t\t\t\t<\/div>\n\t\t\t\t<\/div>\n\t\t<div data-particle_enable=\"false\" data-particle-mobile-disabled=\"false\" data-dce-background-color=\"#26368A\" class=\"wd-negative-gap elementor-element elementor-element-7230e2f wd-section-stretch e-flex e-con-boxed e-con e-parent\" data-id=\"7230e2f\" data-element_type=\"container\" data-e-type=\"container\" data-settings=\"{&quot;background_background&quot;:&quot;gradient&quot;,&quot;shape_divider_top&quot;:&quot;wd_sweet_wave&quot;}\">\n\t\t\t\t\t<div class=\"e-con-inner\">\n\t\t\t\t<div class=\"elementor-shape elementor-shape-top\" aria-hidden=\"true\" data-negative=\"false\">\n\t\t\t<svg width=\"100%\" height=\"50px\" viewBox=\"0 0 1920 80\" xmlns=\"http:\/\/www.w3.org\/2000\/svg\" class=\"wd-divider\" preserveAspectRatio=\"none\">\n<path class=\"elementor-shape-fill\" d=\"M1920,60s-169.5,20-510,20S850.5,20,510,20,0,60,0,60V0H1920Z\" \/>\n<\/svg>\n\t\t<\/div>\n\t\t\t\t\t<\/div>\n\t\t\t\t<\/div>\n\t\t\t\t<\/div>\n\t\t","protected":false},"excerpt":{"rendered":"<p>fr\u00e9ttir 16 Juni Energy Globe Styria Award &#8211; Stadtwerke Leoben Wir freuen uns, mit unserem K-BUS Teil des Projekts \u201eLeoben<\/p>\n","protected":false},"author":12,"featured_media":0,"parent":0,"menu_order":0,"comment_status":"closed","ping_status":"closed","template":"","meta":{"_acf_changed":false,"footnotes":""},"class_list":["post-16526","page","type-page","status-publish","hentry"],"acf":[],"yoast_head":"<!-- This site is optimized with the Yoast SEO plugin v28.0 - https:\/\/yoast.com\/product\/yoast-seo-wordpress\/ -->\n<title>fr\u00e9ttir - K-Bus<\/title>\n<meta name=\"robots\" content=\"index, follow, max-snippet:-1, max-image-preview:large, max-video-preview:-1\" \/>\n<link rel=\"canonical\" href=\"https:\/\/k-bus.at\/is\/frettir\/\" \/>\n<meta property=\"og:locale\" content=\"is_IS\" \/>\n<meta property=\"og:type\" content=\"article\" \/>\n<meta property=\"og:title\" content=\"fr\u00e9ttir - K-Bus\" \/>\n<meta property=\"og:description\" content=\"fr\u00e9ttir 16 Juni Energy Globe Styria Award &#8211; Stadtwerke Leoben Wir freuen uns, mit unserem K-BUS Teil des Projekts \u201eLeoben\" \/>\n<meta property=\"og:url\" content=\"https:\/\/k-bus.at\/is\/frettir\/\" \/>\n<meta property=\"og:site_name\" content=\"K-Bus\" \/>\n<meta property=\"og:image\" content=\"https:\/\/k-bus.at\/wp-content\/uploads\/2026\/06\/Stadtwerke-Leoben-768x777.png\" \/>\n<meta name=\"twitter:card\" content=\"summary_large_image\" \/>\n<meta name=\"twitter:label1\" content=\"Est. reading time\" \/>\n\t<meta name=\"twitter:data1\" content=\"2 minutes\" \/>\n<script type=\"application\/ld+json\" class=\"yoast-schema-graph\">{\"@context\":\"https:\\\/\\\/schema.org\",\"@graph\":[{\"@type\":\"WebPage\",\"@id\":\"https:\\\/\\\/k-bus.at\\\/is\\\/frettir\\\/\",\"url\":\"https:\\\/\\\/k-bus.at\\\/is\\\/frettir\\\/\",\"name\":\"fr\u00e9ttir - K-Bus\",\"isPartOf\":{\"@id\":\"https:\\\/\\\/k-bus.at\\\/is\\\/#website\"},\"primaryImageOfPage\":{\"@id\":\"https:\\\/\\\/k-bus.at\\\/is\\\/frettir\\\/#primaryimage\"},\"image\":{\"@id\":\"https:\\\/\\\/k-bus.at\\\/is\\\/frettir\\\/#primaryimage\"},\"thumbnailUrl\":\"https:\\\/\\\/k-bus.at\\\/wp-content\\\/uploads\\\/2026\\\/06\\\/Stadtwerke-Leoben-768x777.png\",\"datePublished\":\"2026-07-02T07:39:59+00:00\",\"breadcrumb\":{\"@id\":\"https:\\\/\\\/k-bus.at\\\/is\\\/frettir\\\/#breadcrumb\"},\"inLanguage\":\"is\",\"potentialAction\":[{\"@type\":\"ReadAction\",\"target\":[\"https:\\\/\\\/k-bus.at\\\/is\\\/frettir\\\/\"]}]},{\"@type\":\"ImageObject\",\"inLanguage\":\"is\",\"@id\":\"https:\\\/\\\/k-bus.at\\\/is\\\/frettir\\\/#primaryimage\",\"url\":\"https:\\\/\\\/k-bus.at\\\/wp-content\\\/uploads\\\/2026\\\/06\\\/Stadtwerke-Leoben-768x777.png\",\"contentUrl\":\"https:\\\/\\\/k-bus.at\\\/wp-content\\\/uploads\\\/2026\\\/06\\\/Stadtwerke-Leoben-768x777.png\"},{\"@type\":\"BreadcrumbList\",\"@id\":\"https:\\\/\\\/k-bus.at\\\/is\\\/frettir\\\/#breadcrumb\",\"itemListElement\":[{\"@type\":\"ListItem\",\"position\":1,\"name\":\"Startseite\",\"item\":\"https:\\\/\\\/k-bus.at\\\/is\\\/k-bus-gmbh\\\/\"},{\"@type\":\"ListItem\",\"position\":2,\"name\":\"fr\u00e9ttir\"}]},{\"@type\":\"WebSite\",\"@id\":\"https:\\\/\\\/k-bus.at\\\/is\\\/#website\",\"url\":\"https:\\\/\\\/k-bus.at\\\/is\\\/\",\"name\":\"K-Bus\",\"description\":\"Smart Mobility\",\"potentialAction\":[{\"@type\":\"SearchAction\",\"target\":{\"@type\":\"EntryPoint\",\"urlTemplate\":\"https:\\\/\\\/k-bus.at\\\/is\\\/?s={search_term_string}\"},\"query-input\":{\"@type\":\"PropertyValueSpecification\",\"valueRequired\":true,\"valueName\":\"search_term_string\"}}],\"inLanguage\":\"is\"}]}<\/script>\n<!-- \/ Yoast SEO plugin. -->","yoast_head_json":{"title":"fr\u00e9ttir - K-Bus","robots":{"index":"index","follow":"follow","max-snippet":"max-snippet:-1","max-image-preview":"max-image-preview:large","max-video-preview":"max-video-preview:-1"},"canonical":"https:\/\/k-bus.at\/is\/frettir\/","og_locale":"is_IS","og_type":"article","og_title":"fr\u00e9ttir - K-Bus","og_description":"fr\u00e9ttir 16 Juni Energy Globe Styria Award &#8211; Stadtwerke Leoben Wir freuen uns, mit unserem K-BUS Teil des Projekts \u201eLeoben","og_url":"https:\/\/k-bus.at\/is\/frettir\/","og_site_name":"K-Bus","og_image":[{"url":"https:\/\/k-bus.at\/wp-content\/uploads\/2026\/06\/Stadtwerke-Leoben-768x777.png","type":"","width":"","height":""}],"twitter_card":"summary_large_image","twitter_misc":{"Est. reading time":"2 minutes"},"schema":{"@context":"https:\/\/schema.org","@graph":[{"@type":"WebPage","@id":"https:\/\/k-bus.at\/is\/frettir\/","url":"https:\/\/k-bus.at\/is\/frettir\/","name":"fr\u00e9ttir - K-Bus","isPartOf":{"@id":"https:\/\/k-bus.at\/is\/#website"},"primaryImageOfPage":{"@id":"https:\/\/k-bus.at\/is\/frettir\/#primaryimage"},"image":{"@id":"https:\/\/k-bus.at\/is\/frettir\/#primaryimage"},"thumbnailUrl":"https:\/\/k-bus.at\/wp-content\/uploads\/2026\/06\/Stadtwerke-Leoben-768x777.png","datePublished":"2026-07-02T07:39:59+00:00","breadcrumb":{"@id":"https:\/\/k-bus.at\/is\/frettir\/#breadcrumb"},"inLanguage":"is","potentialAction":[{"@type":"ReadAction","target":["https:\/\/k-bus.at\/is\/frettir\/"]}]},{"@type":"ImageObject","inLanguage":"is","@id":"https:\/\/k-bus.at\/is\/frettir\/#primaryimage","url":"https:\/\/k-bus.at\/wp-content\/uploads\/2026\/06\/Stadtwerke-Leoben-768x777.png","contentUrl":"https:\/\/k-bus.at\/wp-content\/uploads\/2026\/06\/Stadtwerke-Leoben-768x777.png"},{"@type":"BreadcrumbList","@id":"https:\/\/k-bus.at\/is\/frettir\/#breadcrumb","itemListElement":[{"@type":"ListItem","position":1,"name":"Startseite","item":"https:\/\/k-bus.at\/is\/k-bus-gmbh\/"},{"@type":"ListItem","position":2,"name":"fr\u00e9ttir"}]},{"@type":"WebSite","@id":"https:\/\/k-bus.at\/is\/#website","url":"https:\/\/k-bus.at\/is\/","name":"K-Bus","description":"Smart Mobility","potentialAction":[{"@type":"SearchAction","target":{"@type":"EntryPoint","urlTemplate":"https:\/\/k-bus.at\/is\/?s={search_term_string}"},"query-input":{"@type":"PropertyValueSpecification","valueRequired":true,"valueName":"search_term_string"}}],"inLanguage":"is"}]}},"_links":{"self":[{"href":"https:\/\/k-bus.at\/is\/wp-json\/wp\/v2\/pages\/16526","targetHints":{"allow":["GET"]}}],"collection":[{"href":"https:\/\/k-bus.at\/is\/wp-json\/wp\/v2\/pages"}],"about":[{"href":"https:\/\/k-bus.at\/is\/wp-json\/wp\/v2\/types\/page"}],"author":[{"embeddable":true,"href":"https:\/\/k-bus.at\/is\/wp-json\/wp\/v2\/users\/12"}],"replies":[{"embeddable":true,"href":"https:\/\/k-bus.at\/is\/wp-json\/wp\/v2\/comments?post=16526"}],"version-history":[{"count":0,"href":"https:\/\/k-bus.at\/is\/wp-json\/wp\/v2\/pages\/16526\/revisions"}],"wp:attachment":[{"href":"https:\/\/k-bus.at\/is\/wp-json\/wp\/v2\/media?parent=16526"}],"curies":[{"name":"wp","href":"https:\/\/api.w.org\/{rel}","templated":true}]}}