{"id":16610,"date":"2026-07-02T09:40:53","date_gmt":"2026-07-02T07:40:53","guid":{"rendered":"https:\/\/adiznctb3b.wpdns.site\/novinky\/"},"modified":"2026-07-02T09:41:00","modified_gmt":"2026-07-02T07:41:00","slug":"novinky","status":"publish","type":"page","link":"https:\/\/k-bus.at\/sk\/novinky\/","title":{"rendered":"Novinky"},"content":{"rendered":"\t\t<div data-elementor-type=\"wp-page\" data-elementor-id=\"16610\" class=\"elementor elementor-16610 elementor-1576\" data-elementor-post-type=\"page\">\n\t\t\t\t<div data-event_function=\"{&quot;tween&quot;:&quot;to&quot;}\" class=\"eael_smooth_animation wd-negative-gap elementor-element elementor-element-4ded1d6 e-flex e-con-boxed e-con e-parent\" data-particle_enable=\"false\" data-particle-mobile-disabled=\"false\" data-id=\"4ded1d6\" data-element_type=\"container\" data-e-type=\"container\" data-settings=\"{&quot;background_background&quot;:&quot;slideshow&quot;,&quot;background_slideshow_gallery&quot;:[{&quot;id&quot;:8862,&quot;url&quot;:&quot;https:\\\/\\\/k-bus.at\\\/wp-content\\\/uploads\\\/2026\\\/05\\\/K-Bus_Museum5.png&quot;},{&quot;id&quot;:9694,&quot;url&quot;:&quot;https:\\\/\\\/k-bus.at\\\/wp-content\\\/uploads\\\/2026\\\/05\\\/K-Bus_ESolarCityL-scaled.png&quot;},{&quot;id&quot;:2405,&quot;url&quot;:&quot;https:\\\/\\\/k-bus.at\\\/wp-content\\\/uploads\\\/2026\\\/03\\\/Muerztaler-scaled-e1775812594961.jpg&quot;},{&quot;id&quot;:5339,&quot;url&quot;:&quot;https:\\\/\\\/k-bus.at\\\/wp-content\\\/uploads\\\/2026\\\/04\\\/IMG_5876-scaled-e1781161778962.jpeg&quot;}],&quot;background_slideshow_transition_duration&quot;:1000,&quot;background_slideshow_ken_burns&quot;:&quot;yes&quot;,&quot;shape_divider_top&quot;:&quot;waves&quot;,&quot;shape_divider_bottom&quot;:&quot;wd_sweet_wave&quot;,&quot;motion_fx_motion_fx_scrolling&quot;:&quot;yes&quot;,&quot;background_slideshow_loop&quot;:&quot;yes&quot;,&quot;background_slideshow_slide_duration&quot;:5000,&quot;background_slideshow_slide_transition&quot;:&quot;fade&quot;,&quot;background_slideshow_ken_burns_zoom_direction&quot;:&quot;in&quot;,&quot;motion_fx_devices&quot;:[&quot;desktop&quot;,&quot;tablet&quot;,&quot;mobile&quot;]}\">\n\t\t\t\t\t<div class=\"e-con-inner\">\n\t\t\t\t<div class=\"elementor-shape elementor-shape-top\" aria-hidden=\"true\" data-negative=\"false\">\n\t\t\t<svg xmlns=\"http:\/\/www.w3.org\/2000\/svg\" viewBox=\"0 0 1000 100\" preserveAspectRatio=\"none\">\n\t<path class=\"elementor-shape-fill\" d=\"M421.9,6.5c22.6-2.5,51.5,0.4,75.5,5.3c23.6,4.9,70.9,23.5,100.5,35.7c75.8,32.2,133.7,44.5,192.6,49.7\n\tc23.6,2.1,48.7,3.5,103.4-2.5c54.7-6,106.2-25.6,106.2-25.6V0H0v30.3c0,0,72,32.6,158.4,30.5c39.2-0.7,92.8-6.7,134-22.4\n\tc21.2-8.1,52.2-18.2,79.7-24.2C399.3,7.9,411.6,7.5,421.9,6.5z\"\/>\n<\/svg>\t\t<\/div>\n\t\t\t\t<div class=\"elementor-shape elementor-shape-bottom\" aria-hidden=\"true\" data-negative=\"false\">\n\t\t\t<svg width=\"100%\" height=\"50px\" viewBox=\"0 0 1920 80\" xmlns=\"http:\/\/www.w3.org\/2000\/svg\" class=\"wd-divider\" preserveAspectRatio=\"none\">\n<path class=\"elementor-shape-fill\" d=\"M1920,60s-169.5,20-510,20S850.5,20,510,20,0,60,0,60V0H1920Z\" \/>\n<\/svg>\n\t\t<\/div>\n\t\t\t\t<div data-dce-advanced-background-color=\"#FFFFFF\" class=\"elementor-element elementor-element-15edbd6 elementor-widget__width-inherit elementor-widget-mobile__width-initial elementor-widget elementor-widget-heading\" data-id=\"15edbd6\" data-element_type=\"widget\" data-e-type=\"widget\" data-widget_type=\"heading.default\">\n\t\t\t\t<div class=\"elementor-widget-container\">\n\t\t\t\t\t<h1 class=\"elementor-heading-title elementor-size-default\">Novinky<\/h1>\t\t\t\t<\/div>\n\t\t\t\t<\/div>\n\t\t\t\t\t<\/div>\n\t\t\t\t<\/div>\n\t\t<div data-particle_enable=\"false\" data-particle-mobile-disabled=\"false\" class=\"wd-negative-gap elementor-element elementor-element-bbcc86e e-flex e-con-boxed e-con e-parent\" data-id=\"bbcc86e\" data-element_type=\"container\" data-e-type=\"container\">\n\t\t\t\t\t<div class=\"e-con-inner\">\n\t\t\t\t<div class=\"elementor-element elementor-element-1f851fa wd-width-100 elementor-widget elementor-widget-wd_blog\" data-id=\"1f851fa\" data-element_type=\"widget\" data-e-type=\"widget\" data-widget_type=\"wd_blog.default\">\n\t\t\t\t<div class=\"elementor-widget-container\">\n\t\t\t\t\t\t\t\t\t\t\t\t<div class=\"wd-blog-element \">\n\t\t\t\t\t\t\t\t\t\t\t\n\t\t\t\t\t<div class=\"wd-posts wd-blog-holder wd-grid-g\" id=\"6a983d4d1f5b9\" data-paged=\"1\" data-atts=\"{&quot;post_type&quot;:&quot;post&quot;,&quot;items_per_page&quot;:12,&quot;include&quot;:null,&quot;taxonomies&quot;:&quot;&quot;,&quot;offset&quot;:&quot;&quot;,&quot;orderby&quot;:&quot;date&quot;,&quot;order&quot;:&quot;DESC&quot;,&quot;meta_key&quot;:null,&quot;exclude&quot;:&quot;&quot;,&quot;element_title&quot;:&quot;&quot;,&quot;element_title_tag&quot;:&quot;h2&quot;,&quot;parts_media&quot;:true,&quot;parts_title&quot;:&quot;1&quot;,&quot;parts_meta&quot;:&quot;&quot;,&quot;parts_text&quot;:&quot;1&quot;,&quot;parts_btn&quot;:&quot;&quot;,&quot;parts_published_date&quot;:&quot;1&quot;,&quot;img_size&quot;:&quot;medium_large&quot;,&quot;blog_design&quot;:&quot;chess&quot;,&quot;blog_carousel_design&quot;:null,&quot;blog_masonry&quot;:null,&quot;blog_columns&quot;:null,&quot;blog_columns_tablet&quot;:{&quot;size&quot;:&quot;&quot;},&quot;blog_columns_mobile&quot;:{&quot;size&quot;:&quot;&quot;},&quot;blog_spacing&quot;:null,&quot;blog_spacing_tablet&quot;:&quot;&quot;,&quot;blog_spacing_mobile&quot;:&quot;&quot;,&quot;pagination&quot;:&quot;infinit&quot;,&quot;speed&quot;:null,&quot;slides_per_view&quot;:null,&quot;slides_per_view_tablet&quot;:{&quot;size&quot;:&quot;&quot;},&quot;slides_per_view_mobile&quot;:{&quot;size&quot;:&quot;&quot;},&quot;wrap&quot;:null,&quot;autoplay&quot;:null,&quot;hide_pagination_control&quot;:null,&quot;hide_prev_next_buttons&quot;:null,&quot;scroll_per_page&quot;:null,&quot;lazy_loading&quot;:&quot;no&quot;,&quot;scroll_carousel_init&quot;:null,&quot;ajax_page&quot;:&quot;&quot;,&quot;custom_sizes&quot;:false,&quot;elementor&quot;:true}\" data-source=\"shortcode\">\n\t\t\t\n\t\t\t\t\t\t\t\t\t\t\t\t\t\t\n<article id=\"post-16592\" class=\"wd-post blog-design-chess blog-post-loop blog-design-small-images blog-style-bg wd-add-shadow wd-col post-16592 post type-post status-publish format-standard has-post-thumbnail hentry category-nezaradene\">\n\t<div class=\"wd-post-inner article-inner\">\n\t\t\t\t\t<div class=\"wd-post-thumb entry-header\">\n\t\t\t\t\t\t\t\t\t<div class=\"wd-post-img post-img-wrapp\">\n\t\t\t\t\t\t<img decoding=\"async\" width=\"768\" height=\"549\" src=\"https:\/\/k-bus.at\/wp-content\/uploads\/2026\/01\/e-daily5_solar_xl_kbus-e1781161208356-768x549.jpg\" class=\"attachment-medium_large size-medium_large\" alt=\"\" srcset=\"https:\/\/k-bus.at\/wp-content\/uploads\/2026\/01\/e-daily5_solar_xl_kbus-e1781161208356-768x549.jpg 768w, https:\/\/k-bus.at\/wp-content\/uploads\/2026\/01\/e-daily5_solar_xl_kbus-e1781161208356-300x215.jpg 300w, https:\/\/k-bus.at\/wp-content\/uploads\/2026\/01\/e-daily5_solar_xl_kbus-e1781161208356.jpg 1000w\" sizes=\"(max-width: 768px) 100vw, 768px\" \/>\t\t\t\t\t<\/div>\n\t\t\t\t\t\t\t\t\t\t<a class=\"wd-fill\" tabindex=\"-1\" href=\"https:\/\/k-bus.at\/sk\/elektromobily-e-solar-citybus-uspesne-premavaju-v-europskych-mestach\/\" aria-label=\"Link on post Elektromobily E-Solar Citybus \u00faspe\u0161ne prem\u00e1vaj\u00fa v eur\u00f3pskych mest\u00e1ch\"><\/a>\n\t\t\t\t\n\t\t\t\t\t\t\t\t\t\t\t\t<div class=\"wd-post-date wd-style-with-bg\">\n\t\t\t\t<span class=\"post-date-day\">\n\t\t\t\t\t02\t\t\t\t<\/span>\n\t\t\t\t<span class=\"post-date-month\">\n\t\t\t\t\tj\u00fal\t\t\t\t<\/span>\n\t\t\t<\/div>\n\t\t\t\t\t\t\t\t\t<\/div>\n\t\t\n\t\t<div class=\"wd-post-content article-body-container\">\n\t\t\t\n\t\t\t\t\t\t\t<h3 class=\"wd-post-title wd-entities-title title post-title\">\n\t\t\t\t\t<a href=\"https:\/\/k-bus.at\/sk\/elektromobily-e-solar-citybus-uspesne-premavaju-v-europskych-mestach\/\" rel=\"bookmark\">Elektromobily E-Solar Citybus \u00faspe\u0161ne prem\u00e1vaj\u00fa v eur\u00f3pskych mest\u00e1ch<\/a>\n\t\t\t\t<\/h3>\n\t\t\t\n\t\t\t\n\t\t\t\t\t\t\t\t\t\t\t\t<div class=\"wd-post-excerpt entry-content\">\n\t\t\t\t\t\tNa\u0161e mestsk\u00e9 autobusy E-Solar sa u\u017e osved\u010dili: u\u017e dnes jazdia v mest\u00e1ch ako \u0160tokholm, Kol\u00edn nad R\u00fdnom, Kapfenberg \u010di Koper \u2013 spo\u013eahlivo, bez bari\u00e9r a bez emisi\u00ed.\nV roku 2017 sme s modelom E-Solar City vyvinuli...\t\t\t\t\t<\/div>\n\t\t\t\t\n\t\t\t\t\t\t\t\t\t<\/div>\n\t<\/div>\n<\/article>\n\n\t\t\t\t\t\t\t\t\t\t\t\t\t\t\n<article id=\"post-16580\" class=\"wd-post blog-design-chess blog-post-loop blog-design-small-images blog-style-bg wd-add-shadow wd-col post-16580 post type-post status-publish format-standard has-post-thumbnail hentry category-nezaradene\">\n\t<div class=\"wd-post-inner article-inner\">\n\t\t\t\t\t<div class=\"wd-post-thumb entry-header\">\n\t\t\t\t\t\t\t\t\t<div class=\"wd-post-img post-img-wrapp\">\n\t\t\t\t\t\t<img decoding=\"async\" width=\"768\" height=\"576\" src=\"https:\/\/k-bus.at\/wp-content\/uploads\/2025\/11\/IMG-20200930-WA0001-768x576.jpg\" class=\"attachment-medium_large size-medium_large\" alt=\"\" srcset=\"https:\/\/k-bus.at\/wp-content\/uploads\/2025\/11\/IMG-20200930-WA0001-768x576.jpg 768w, https:\/\/k-bus.at\/wp-content\/uploads\/2025\/11\/IMG-20200930-WA0001-300x225.jpg 300w, https:\/\/k-bus.at\/wp-content\/uploads\/2025\/11\/IMG-20200930-WA0001-1024x768.jpg 1024w, https:\/\/k-bus.at\/wp-content\/uploads\/2025\/11\/IMG-20200930-WA0001-1536x1152.jpg 1536w, https:\/\/k-bus.at\/wp-content\/uploads\/2025\/11\/IMG-20200930-WA0001.jpg 1600w\" sizes=\"(max-width: 768px) 100vw, 768px\" \/>\t\t\t\t\t<\/div>\n\t\t\t\t\t\t\t\t\t\t<a class=\"wd-fill\" tabindex=\"-1\" href=\"https:\/\/k-bus.at\/sk\/e-solar-city-wieslburg\/\" aria-label=\"Link on post E-Solar City Wieslburg\"><\/a>\n\t\t\t\t\n\t\t\t\t\t\t\t\t\t\t\t\t<div class=\"wd-post-date wd-style-with-bg\">\n\t\t\t\t<span class=\"post-date-day\">\n\t\t\t\t\t02\t\t\t\t<\/span>\n\t\t\t\t<span class=\"post-date-month\">\n\t\t\t\t\tj\u00fal\t\t\t\t<\/span>\n\t\t\t<\/div>\n\t\t\t\t\t\t\t\t\t<\/div>\n\t\t\n\t\t<div class=\"wd-post-content article-body-container\">\n\t\t\t\n\t\t\t\t\t\t\t<h3 class=\"wd-post-title wd-entities-title title post-title\">\n\t\t\t\t\t<a href=\"https:\/\/k-bus.at\/sk\/e-solar-city-wieslburg\/\" rel=\"bookmark\">E-Solar City Wieslburg<\/a>\n\t\t\t\t<\/h3>\n\t\t\t\n\t\t\t\n\t\t\t\t\t\t\t\t\t\t\t\t<div class=\"wd-post-excerpt entry-content\">\n\t\t\t\t\t\tPo mesiaci prev\u00e1dzky vyhodnocuje samospr\u00e1va mesta Wieselburg elektrick\u00fd autobus \u201eStadtwiesel\u201c ve\u013emi pozit\u00edvne.\t\t\t\t\t<\/div>\n\t\t\t\t\n\t\t\t\t\t\t\t\t\t<\/div>\n\t<\/div>\n<\/article>\n\n\t\t\t\t\t\t\t\t\t\t\t\t\t\t\n<article id=\"post-16569\" class=\"wd-post blog-design-chess blog-post-loop blog-design-small-images blog-style-bg wd-add-shadow wd-col post-16569 post type-post status-publish format-standard has-post-thumbnail hentry category-nezaradene\">\n\t<div class=\"wd-post-inner article-inner\">\n\t\t\t\t\t<div class=\"wd-post-thumb entry-header\">\n\t\t\t\t\t\t\t\t\t<div class=\"wd-post-img post-img-wrapp\">\n\t\t\t\t\t\t<img decoding=\"async\" width=\"768\" height=\"576\" src=\"https:\/\/k-bus.at\/wp-content\/uploads\/2026\/03\/Muerztaler-768x576.jpg\" class=\"attachment-medium_large size-medium_large\" alt=\"\" srcset=\"https:\/\/k-bus.at\/wp-content\/uploads\/2026\/03\/Muerztaler-768x576.jpg 768w, https:\/\/k-bus.at\/wp-content\/uploads\/2026\/03\/Muerztaler-300x225.jpg 300w, https:\/\/k-bus.at\/wp-content\/uploads\/2026\/03\/Muerztaler-1024x768.jpg 1024w, https:\/\/k-bus.at\/wp-content\/uploads\/2026\/03\/Muerztaler-1536x1152.jpg 1536w, https:\/\/k-bus.at\/wp-content\/uploads\/2026\/03\/Muerztaler-2048x1536.jpg 2048w\" sizes=\"(max-width: 768px) 100vw, 768px\" \/>\t\t\t\t\t<\/div>\n\t\t\t\t\t\t\t\t\t\t<a class=\"wd-fill\" tabindex=\"-1\" href=\"https:\/\/k-bus.at\/sk\/prvy-elektricky-autobus-s-novym-dizajnom-od-spolocnosti-k-bus-pre-kapfenberg\/\" aria-label=\"Link on post Prv\u00fd elektrick\u00fd autobus s nov\u00fdm dizajnom od spolo\u010dnosti K-BUS pre Kapfenberg\"><\/a>\n\t\t\t\t\n\t\t\t\t\t\t\t\t\t\t\t\t<div class=\"wd-post-date wd-style-with-bg\">\n\t\t\t\t<span class=\"post-date-day\">\n\t\t\t\t\t02\t\t\t\t<\/span>\n\t\t\t\t<span class=\"post-date-month\">\n\t\t\t\t\tj\u00fal\t\t\t\t<\/span>\n\t\t\t<\/div>\n\t\t\t\t\t\t\t\t\t<\/div>\n\t\t\n\t\t<div class=\"wd-post-content article-body-container\">\n\t\t\t\n\t\t\t\t\t\t\t<h3 class=\"wd-post-title wd-entities-title title post-title\">\n\t\t\t\t\t<a href=\"https:\/\/k-bus.at\/sk\/prvy-elektricky-autobus-s-novym-dizajnom-od-spolocnosti-k-bus-pre-kapfenberg\/\" rel=\"bookmark\">Prv\u00fd elektrick\u00fd autobus s nov\u00fdm dizajnom od spolo\u010dnosti K-BUS pre Kapfenberg<\/a>\n\t\t\t\t<\/h3>\n\t\t\t\n\t\t\t\n\t\t\t\t\t\t\t\t\t\t\t\t<div class=\"wd-post-excerpt entry-content\">\n\t\t\t\t\t\tSpolo\u010dnos\u0165 K-BUS s pote\u0161en\u00edm oznamuje \u00faspe\u0161n\u00e9 nasadenie svojho prv\u00e9ho elektrick\u00e9ho autobusu v novom dizajne. Toto inovat\u00edvne vozidlo teraz prem\u00e1va v Kapfenbergu a symbolizuje modern\u00fa a udr\u017eate\u013en\u00fa mobilitu v regi\u00f3ne. \nO projekte informuje aj region\u00e1lne noviny...\t\t\t\t\t<\/div>\n\t\t\t\t\n\t\t\t\t\t\t\t\t\t<\/div>\n\t<\/div>\n<\/article>\n\n\t\t\t\t\t\t\t\t\t\t\t\t\t\t\n<article id=\"post-16560\" class=\"wd-post blog-design-chess blog-post-loop blog-design-small-images blog-style-bg wd-add-shadow wd-col post-16560 post type-post status-publish format-standard has-post-thumbnail hentry category-nezaradene\">\n\t<div class=\"wd-post-inner article-inner\">\n\t\t\t\t\t<div class=\"wd-post-thumb entry-header\">\n\t\t\t\t\t\t\t\t\t<div class=\"wd-post-img post-img-wrapp\">\n\t\t\t\t\t\t<img decoding=\"async\" width=\"768\" height=\"576\" src=\"https:\/\/k-bus.at\/wp-content\/uploads\/2026\/04\/20260310_1016140-768x576.jpg\" class=\"attachment-medium_large size-medium_large\" alt=\"KBus-Kutsenits\" srcset=\"https:\/\/k-bus.at\/wp-content\/uploads\/2026\/04\/20260310_1016140-768x576.jpg 768w, https:\/\/k-bus.at\/wp-content\/uploads\/2026\/04\/20260310_1016140-300x225.jpg 300w, https:\/\/k-bus.at\/wp-content\/uploads\/2026\/04\/20260310_1016140-1024x768.jpg 1024w, https:\/\/k-bus.at\/wp-content\/uploads\/2026\/04\/20260310_1016140-1536x1152.jpg 1536w, https:\/\/k-bus.at\/wp-content\/uploads\/2026\/04\/20260310_1016140-2048x1536.jpg 2048w\" sizes=\"(max-width: 768px) 100vw, 768px\" \/>\t\t\t\t\t<\/div>\n\t\t\t\t\t\t\t\t\t\t<a class=\"wd-fill\" tabindex=\"-1\" href=\"https:\/\/k-bus.at\/sk\/dalsie-elektricke-autobusy-spolocnosti-k-bus-posilnuju-udrzatelnu-mobilitu-v-leobene\/\" aria-label=\"Link on post \u010eal\u0161ie elektrick\u00e9 autobusy spolo\u010dnosti K-BUS posil\u0148uj\u00fa udr\u017eate\u013en\u00fa mobilitu v Leobene\"><\/a>\n\t\t\t\t\n\t\t\t\t\t\t\t\t\t\t\t\t<div class=\"wd-post-date wd-style-with-bg\">\n\t\t\t\t<span class=\"post-date-day\">\n\t\t\t\t\t02\t\t\t\t<\/span>\n\t\t\t\t<span class=\"post-date-month\">\n\t\t\t\t\tj\u00fal\t\t\t\t<\/span>\n\t\t\t<\/div>\n\t\t\t\t\t\t\t\t\t<\/div>\n\t\t\n\t\t<div class=\"wd-post-content article-body-container\">\n\t\t\t\n\t\t\t\t\t\t\t<h3 class=\"wd-post-title wd-entities-title title post-title\">\n\t\t\t\t\t<a href=\"https:\/\/k-bus.at\/sk\/dalsie-elektricke-autobusy-spolocnosti-k-bus-posilnuju-udrzatelnu-mobilitu-v-leobene\/\" rel=\"bookmark\">\u010eal\u0161ie elektrick\u00e9 autobusy spolo\u010dnosti K-BUS posil\u0148uj\u00fa udr\u017eate\u013en\u00fa mobilitu v Leobene<\/a>\n\t\t\t\t<\/h3>\n\t\t\t\n\t\t\t\n\t\t\t\t\t\t\t\t\t\t\t\t<div class=\"wd-post-excerpt entry-content\">\n\t\t\t\t\t\tElektrifik\u00e1cia verejnej dopravy v Leobene pokra\u010duje. Odovzdan\u00edm nov\u00fdch elektrick\u00fdch autobusov v Leobene sa cielene roz\u0161iruje vozov\u00fd park spolo\u010dnosti Stadtwerke Leoben. Tieto modern\u00e9 vozidl\u00e1 bud\u00fa v bud\u00facnosti nasaden\u00e9 nielen v mestskej linkovej doprave, ale aj v...\t\t\t\t\t<\/div>\n\t\t\t\t\n\t\t\t\t\t\t\t\t\t<\/div>\n\t<\/div>\n<\/article>\n\n\t\t\t\t\t\t\t\t\t\t\t\t\t\t\n<article id=\"post-16549\" class=\"wd-post blog-design-chess blog-post-loop blog-design-small-images blog-style-bg wd-add-shadow wd-col post-16549 post type-post status-publish format-standard has-post-thumbnail hentry category-nezaradene\">\n\t<div class=\"wd-post-inner article-inner\">\n\t\t\t\t\t<div class=\"wd-post-thumb entry-header\">\n\t\t\t\t\t\t\t\t\t<div class=\"wd-post-img post-img-wrapp\">\n\t\t\t\t\t\t<img decoding=\"async\" width=\"768\" height=\"576\" src=\"https:\/\/k-bus.at\/wp-content\/uploads\/2026\/04\/20251112_071301-768x576.jpg\" class=\"attachment-medium_large size-medium_large\" alt=\"KBus-Kutsenits\" srcset=\"https:\/\/k-bus.at\/wp-content\/uploads\/2026\/04\/20251112_071301-768x576.jpg 768w, https:\/\/k-bus.at\/wp-content\/uploads\/2026\/04\/20251112_071301-300x225.jpg 300w, https:\/\/k-bus.at\/wp-content\/uploads\/2026\/04\/20251112_071301-1024x768.jpg 1024w, https:\/\/k-bus.at\/wp-content\/uploads\/2026\/04\/20251112_071301.jpg 1280w\" sizes=\"(max-width: 768px) 100vw, 768px\" \/>\t\t\t\t\t<\/div>\n\t\t\t\t\t\t\t\t\t\t<a class=\"wd-fill\" tabindex=\"-1\" href=\"https:\/\/k-bus.at\/sk\/spolocnost-k-bus-zavadza-do-innsbrucku-prvu-uplne-elektricku-autobusovu-linku\/\" aria-label=\"Link on post Spolo\u010dnos\u0165 K-BUS zav\u00e1dza do Innsbrucku prv\u00fa \u00faplne elektrick\u00fa autobusov\u00fa linku\"><\/a>\n\t\t\t\t\n\t\t\t\t\t\t\t\t\t\t\t\t<div class=\"wd-post-date wd-style-with-bg\">\n\t\t\t\t<span class=\"post-date-day\">\n\t\t\t\t\t02\t\t\t\t<\/span>\n\t\t\t\t<span class=\"post-date-month\">\n\t\t\t\t\tj\u00fal\t\t\t\t<\/span>\n\t\t\t<\/div>\n\t\t\t\t\t\t\t\t\t<\/div>\n\t\t\n\t\t<div class=\"wd-post-content article-body-container\">\n\t\t\t\n\t\t\t\t\t\t\t<h3 class=\"wd-post-title wd-entities-title title post-title\">\n\t\t\t\t\t<a href=\"https:\/\/k-bus.at\/sk\/spolocnost-k-bus-zavadza-do-innsbrucku-prvu-uplne-elektricku-autobusovu-linku\/\" rel=\"bookmark\">Spolo\u010dnos\u0165 K-BUS zav\u00e1dza do Innsbrucku prv\u00fa \u00faplne elektrick\u00fa autobusov\u00fa linku<\/a>\n\t\t\t\t<\/h3>\n\t\t\t\n\t\t\t\n\t\t\t\t\t\t\t\t\t\t\t\t<div class=\"wd-post-excerpt entry-content\">\n\t\t\t\t\t\tZaveden\u00edm prvej \u00faplne elektricky poh\u00e1\u0148anej autobusovej linky v Innsbrucku sa d\u00f4sledne pokra\u010duje v rozvoji udr\u017eate\u013enej mobility. Na novej linke D sa vyu\u017e\u00edvaj\u00fa modern\u00e9 elektrick\u00e9 minibusy spolo\u010dnosti K-Bus, ktor\u00e9 s\u00fa \u0161peci\u00e1lne navrhnut\u00e9 pre mestsk\u00fa prev\u00e1dzku v...\t\t\t\t\t<\/div>\n\t\t\t\t\n\t\t\t\t\t\t\t\t\t<\/div>\n\t<\/div>\n<\/article>\n\n\t\t\t\t\t\t\t\t\t\t\t\t\t\t\n<article id=\"post-16539\" class=\"wd-post blog-design-chess blog-post-loop blog-design-small-images blog-style-bg wd-add-shadow wd-col post-16539 post type-post status-publish format-standard has-post-thumbnail hentry category-nezaradene\">\n\t<div class=\"wd-post-inner article-inner\">\n\t\t\t\t\t<div class=\"wd-post-thumb entry-header\">\n\t\t\t\t\t\t\t\t\t<div class=\"wd-post-img post-img-wrapp\">\n\t\t\t\t\t\t<img decoding=\"async\" width=\"768\" height=\"576\" src=\"https:\/\/k-bus.at\/wp-content\/uploads\/2026\/04\/IMG_5876-768x576.jpeg\" class=\"attachment-medium_large size-medium_large\" alt=\"\" srcset=\"https:\/\/k-bus.at\/wp-content\/uploads\/2026\/04\/IMG_5876-768x576.jpeg 768w, https:\/\/k-bus.at\/wp-content\/uploads\/2026\/04\/IMG_5876-300x225.jpeg 300w, https:\/\/k-bus.at\/wp-content\/uploads\/2026\/04\/IMG_5876-1024x768.jpeg 1024w, https:\/\/k-bus.at\/wp-content\/uploads\/2026\/04\/IMG_5876-1536x1152.jpeg 1536w, https:\/\/k-bus.at\/wp-content\/uploads\/2026\/04\/IMG_5876-2048x1536.jpeg 2048w\" sizes=\"(max-width: 768px) 100vw, 768px\" \/>\t\t\t\t\t<\/div>\n\t\t\t\t\t\t\t\t\t\t<a class=\"wd-fill\" tabindex=\"-1\" href=\"https:\/\/k-bus.at\/sk\/k-bus-na-veltrhu-bus2bus-v-berline-v-roku-2026\/\" aria-label=\"Link on post K-BUS na ve\u013etrhu BUS2BUS v Berl\u00edne v roku 2026\"><\/a>\n\t\t\t\t\n\t\t\t\t\t\t\t\t\t\t\t\t<div class=\"wd-post-date wd-style-with-bg\">\n\t\t\t\t<span class=\"post-date-day\">\n\t\t\t\t\t02\t\t\t\t<\/span>\n\t\t\t\t<span class=\"post-date-month\">\n\t\t\t\t\tj\u00fal\t\t\t\t<\/span>\n\t\t\t<\/div>\n\t\t\t\t\t\t\t\t\t<\/div>\n\t\t\n\t\t<div class=\"wd-post-content article-body-container\">\n\t\t\t\n\t\t\t\t\t\t\t<h3 class=\"wd-post-title wd-entities-title title post-title\">\n\t\t\t\t\t<a href=\"https:\/\/k-bus.at\/sk\/k-bus-na-veltrhu-bus2bus-v-berline-v-roku-2026\/\" rel=\"bookmark\">K-BUS na ve\u013etrhu BUS2BUS v Berl\u00edne v roku 2026<\/a>\n\t\t\t\t<\/h3>\n\t\t\t\n\t\t\t\n\t\t\t\t\t\t\t\t\t\t\t\t<div class=\"wd-post-excerpt entry-content\">\n\t\t\t\t\t\t15. a 16. apr\u00edla sa spolo\u010dnos\u0165 K-BUS z\u00fa\u010dastnila ve\u013etrhu BUS2BUS \u2013 jednej z najd\u00f4le\u017eitej\u0161\u00edch odvetvov\u00fdch platforiem pre inovat\u00edvne rie\u0161enia v oblasti autobusovej dopravy.  \nHlavn\u00fdm bodom programu bola osobn\u00e1 v\u00fdmena n\u00e1zorov s odborn\u00fdmi n\u00e1v\u0161tevn\u00edkmi, partnermi...\t\t\t\t\t<\/div>\n\t\t\t\t\n\t\t\t\t\t\t\t\t\t<\/div>\n\t<\/div>\n<\/article>\n\n\t\t\t\t\t\t\t\t\t\t\t\t\t\t\n<article id=\"post-16530\" class=\"wd-post blog-design-chess blog-post-loop blog-design-small-images blog-style-bg wd-add-shadow wd-col post-16530 post type-post status-publish format-standard has-post-thumbnail hentry category-nezaradene\">\n\t<div class=\"wd-post-inner article-inner\">\n\t\t\t\t\t<div class=\"wd-post-thumb entry-header\">\n\t\t\t\t\t\t\t\t\t<div class=\"wd-post-img post-img-wrapp\">\n\t\t\t\t\t\t<img decoding=\"async\" width=\"768\" height=\"777\" src=\"https:\/\/k-bus.at\/wp-content\/uploads\/2026\/06\/Stadtwerke-Leoben-768x777.png\" class=\"attachment-medium_large size-medium_large\" alt=\"\" srcset=\"https:\/\/k-bus.at\/wp-content\/uploads\/2026\/06\/Stadtwerke-Leoben-768x777.png 768w, https:\/\/k-bus.at\/wp-content\/uploads\/2026\/06\/Stadtwerke-Leoben-296x300.png 296w, https:\/\/k-bus.at\/wp-content\/uploads\/2026\/06\/Stadtwerke-Leoben.png 1009w\" sizes=\"(max-width: 768px) 100vw, 768px\" \/>\t\t\t\t\t<\/div>\n\t\t\t\t\t\t\t\t\t\t<a class=\"wd-fill\" tabindex=\"-1\" href=\"https:\/\/k-bus.at\/sk\/cena-energy-globe-styria-mestske-sluzby-leoben\/\" aria-label=\"Link on post Cena Energy Globe Styria \u2013 Mestsk\u00e9 slu\u017eby Leoben\"><\/a>\n\t\t\t\t\n\t\t\t\t\t\t\t\t\t\t\t\t<div class=\"wd-post-date wd-style-with-bg\">\n\t\t\t\t<span class=\"post-date-day\">\n\t\t\t\t\t02\t\t\t\t<\/span>\n\t\t\t\t<span class=\"post-date-month\">\n\t\t\t\t\tj\u00fal\t\t\t\t<\/span>\n\t\t\t<\/div>\n\t\t\t\t\t\t\t\t\t<\/div>\n\t\t\n\t\t<div class=\"wd-post-content article-body-container\">\n\t\t\t\n\t\t\t\t\t\t\t<h3 class=\"wd-post-title wd-entities-title title post-title\">\n\t\t\t\t\t<a href=\"https:\/\/k-bus.at\/sk\/cena-energy-globe-styria-mestske-sluzby-leoben\/\" rel=\"bookmark\">Cena Energy Globe Styria \u2013 Mestsk\u00e9 slu\u017eby Leoben<\/a>\n\t\t\t\t<\/h3>\n\t\t\t\n\t\t\t\n\t\t\t\t\t\t\t\t\t\t\t\t<div class=\"wd-post-excerpt entry-content\">\n\t\t\t\t\t\tTe\u0161\u00edme sa, \u017ee sa prostredn\u00edctvom n\u00e1\u0161ho K-BUS-u m\u00f4\u017eeme podie\u013ea\u0165 na projekte \u201eLeoben v pohybe\u201c spolo\u010dnosti Stadtwerke Leoben.\nProjekt z\u00edskal ocenenie Energy Globe Styria Award 2026 v kateg\u00f3rii Mobilita.\nK videu spolo\u010dnosti Stadtwerke Leoben:\nhttps:\/\/fb.watch\/HMPP3yKxB\t\t\t\t\t<\/div>\n\t\t\t\t\n\t\t\t\t\t\t\t\t\t<\/div>\n\t<\/div>\n<\/article>\n\n\t\t\t\t\n\t\t\t\t\t\t\t\t<\/div>\n\t\t\t\n\t\t\t\t\t\t\t\t\t\t<\/div>\n\t\t\t\t\t\t\t\t\t\t<\/div>\n\t\t\t\t<\/div>\n\t\t\t\t\t<\/div>\n\t\t\t\t<\/div>\n\t\t<div data-particle_enable=\"false\" data-particle-mobile-disabled=\"false\" data-dce-background-color=\"#26368A\" class=\"wd-negative-gap elementor-element elementor-element-7230e2f wd-section-stretch e-flex e-con-boxed e-con e-parent\" data-id=\"7230e2f\" data-element_type=\"container\" data-e-type=\"container\" data-settings=\"{&quot;background_background&quot;:&quot;gradient&quot;,&quot;shape_divider_top&quot;:&quot;wd_sweet_wave&quot;}\">\n\t\t\t\t\t<div class=\"e-con-inner\">\n\t\t\t\t<div class=\"elementor-shape elementor-shape-top\" aria-hidden=\"true\" data-negative=\"false\">\n\t\t\t<svg width=\"100%\" height=\"50px\" viewBox=\"0 0 1920 80\" xmlns=\"http:\/\/www.w3.org\/2000\/svg\" class=\"wd-divider\" preserveAspectRatio=\"none\">\n<path class=\"elementor-shape-fill\" d=\"M1920,60s-169.5,20-510,20S850.5,20,510,20,0,60,0,60V0H1920Z\" \/>\n<\/svg>\n\t\t<\/div>\n\t\t\t\t\t<\/div>\n\t\t\t\t<\/div>\n\t\t\t\t<\/div>\n\t\t","protected":false},"excerpt":{"rendered":"<p>Novinky 16 Juni Energy Globe Styria Award &#8211; Stadtwerke Leoben Wir freuen uns, mit unserem K-BUS Teil des Projekts \u201eLeoben<\/p>\n","protected":false},"author":12,"featured_media":0,"parent":0,"menu_order":0,"comment_status":"closed","ping_status":"closed","template":"","meta":{"_acf_changed":false,"footnotes":""},"class_list":["post-16610","page","type-page","status-publish","hentry"],"acf":[],"yoast_head":"<!-- This site is optimized with the Yoast SEO plugin v28.0 - https:\/\/yoast.com\/product\/yoast-seo-wordpress\/ -->\n<title>Novinky - K-Bus<\/title>\n<meta name=\"robots\" content=\"index, follow, max-snippet:-1, max-image-preview:large, max-video-preview:-1\" \/>\n<link rel=\"canonical\" href=\"https:\/\/k-bus.at\/sk\/novinky\/\" \/>\n<meta property=\"og:locale\" content=\"sk_SK\" \/>\n<meta property=\"og:type\" content=\"article\" \/>\n<meta property=\"og:title\" content=\"Novinky - K-Bus\" \/>\n<meta property=\"og:description\" content=\"Novinky 16 Juni Energy Globe Styria Award &#8211; Stadtwerke Leoben Wir freuen uns, mit unserem K-BUS Teil des Projekts \u201eLeoben\" \/>\n<meta property=\"og:url\" content=\"https:\/\/k-bus.at\/sk\/novinky\/\" \/>\n<meta property=\"og:site_name\" content=\"K-Bus\" \/>\n<meta property=\"article:modified_time\" content=\"2026-07-02T07:41:00+00:00\" \/>\n<meta property=\"og:image\" content=\"https:\/\/k-bus.at\/wp-content\/uploads\/2026\/06\/Stadtwerke-Leoben-768x777.png\" \/>\n<meta name=\"twitter:card\" content=\"summary_large_image\" \/>\n<meta name=\"twitter:label1\" content=\"Predpokladan\u00fd \u010das \u010d\u00edtania\" \/>\n\t<meta name=\"twitter:data1\" content=\"2 min\u00faty\" \/>\n<script type=\"application\/ld+json\" class=\"yoast-schema-graph\">{\"@context\":\"https:\\\/\\\/schema.org\",\"@graph\":[{\"@type\":\"WebPage\",\"@id\":\"https:\\\/\\\/k-bus.at\\\/sk\\\/novinky\\\/\",\"url\":\"https:\\\/\\\/k-bus.at\\\/sk\\\/novinky\\\/\",\"name\":\"Novinky - K-Bus\",\"isPartOf\":{\"@id\":\"https:\\\/\\\/k-bus.at\\\/sk\\\/#website\"},\"primaryImageOfPage\":{\"@id\":\"https:\\\/\\\/k-bus.at\\\/sk\\\/novinky\\\/#primaryimage\"},\"image\":{\"@id\":\"https:\\\/\\\/k-bus.at\\\/sk\\\/novinky\\\/#primaryimage\"},\"thumbnailUrl\":\"https:\\\/\\\/k-bus.at\\\/wp-content\\\/uploads\\\/2026\\\/06\\\/Stadtwerke-Leoben-768x777.png\",\"datePublished\":\"2026-07-02T07:40:53+00:00\",\"dateModified\":\"2026-07-02T07:41:00+00:00\",\"breadcrumb\":{\"@id\":\"https:\\\/\\\/k-bus.at\\\/sk\\\/novinky\\\/#breadcrumb\"},\"inLanguage\":\"sk-SK\",\"potentialAction\":[{\"@type\":\"ReadAction\",\"target\":[\"https:\\\/\\\/k-bus.at\\\/sk\\\/novinky\\\/\"]}]},{\"@type\":\"ImageObject\",\"inLanguage\":\"sk-SK\",\"@id\":\"https:\\\/\\\/k-bus.at\\\/sk\\\/novinky\\\/#primaryimage\",\"url\":\"https:\\\/\\\/k-bus.at\\\/wp-content\\\/uploads\\\/2026\\\/06\\\/Stadtwerke-Leoben-768x777.png\",\"contentUrl\":\"https:\\\/\\\/k-bus.at\\\/wp-content\\\/uploads\\\/2026\\\/06\\\/Stadtwerke-Leoben-768x777.png\"},{\"@type\":\"BreadcrumbList\",\"@id\":\"https:\\\/\\\/k-bus.at\\\/sk\\\/novinky\\\/#breadcrumb\",\"itemListElement\":[{\"@type\":\"ListItem\",\"position\":1,\"name\":\"Startseite\",\"item\":\"https:\\\/\\\/k-bus.at\\\/sk\\\/k-bus-s-r-o\\\/\"},{\"@type\":\"ListItem\",\"position\":2,\"name\":\"Novinky\"}]},{\"@type\":\"WebSite\",\"@id\":\"https:\\\/\\\/k-bus.at\\\/sk\\\/#website\",\"url\":\"https:\\\/\\\/k-bus.at\\\/sk\\\/\",\"name\":\"K-Bus\",\"description\":\"Smart Mobility\",\"potentialAction\":[{\"@type\":\"SearchAction\",\"target\":{\"@type\":\"EntryPoint\",\"urlTemplate\":\"https:\\\/\\\/k-bus.at\\\/sk\\\/?s={search_term_string}\"},\"query-input\":{\"@type\":\"PropertyValueSpecification\",\"valueRequired\":true,\"valueName\":\"search_term_string\"}}],\"inLanguage\":\"sk-SK\"}]}<\/script>\n<!-- \/ Yoast SEO plugin. -->","yoast_head_json":{"title":"Novinky - K-Bus","robots":{"index":"index","follow":"follow","max-snippet":"max-snippet:-1","max-image-preview":"max-image-preview:large","max-video-preview":"max-video-preview:-1"},"canonical":"https:\/\/k-bus.at\/sk\/novinky\/","og_locale":"sk_SK","og_type":"article","og_title":"Novinky - K-Bus","og_description":"Novinky 16 Juni Energy Globe Styria Award &#8211; Stadtwerke Leoben Wir freuen uns, mit unserem K-BUS Teil des Projekts \u201eLeoben","og_url":"https:\/\/k-bus.at\/sk\/novinky\/","og_site_name":"K-Bus","article_modified_time":"2026-07-02T07:41:00+00:00","og_image":[{"url":"https:\/\/k-bus.at\/wp-content\/uploads\/2026\/06\/Stadtwerke-Leoben-768x777.png","type":"","width":"","height":""}],"twitter_card":"summary_large_image","twitter_misc":{"Predpokladan\u00fd \u010das \u010d\u00edtania":"2 min\u00faty"},"schema":{"@context":"https:\/\/schema.org","@graph":[{"@type":"WebPage","@id":"https:\/\/k-bus.at\/sk\/novinky\/","url":"https:\/\/k-bus.at\/sk\/novinky\/","name":"Novinky - K-Bus","isPartOf":{"@id":"https:\/\/k-bus.at\/sk\/#website"},"primaryImageOfPage":{"@id":"https:\/\/k-bus.at\/sk\/novinky\/#primaryimage"},"image":{"@id":"https:\/\/k-bus.at\/sk\/novinky\/#primaryimage"},"thumbnailUrl":"https:\/\/k-bus.at\/wp-content\/uploads\/2026\/06\/Stadtwerke-Leoben-768x777.png","datePublished":"2026-07-02T07:40:53+00:00","dateModified":"2026-07-02T07:41:00+00:00","breadcrumb":{"@id":"https:\/\/k-bus.at\/sk\/novinky\/#breadcrumb"},"inLanguage":"sk-SK","potentialAction":[{"@type":"ReadAction","target":["https:\/\/k-bus.at\/sk\/novinky\/"]}]},{"@type":"ImageObject","inLanguage":"sk-SK","@id":"https:\/\/k-bus.at\/sk\/novinky\/#primaryimage","url":"https:\/\/k-bus.at\/wp-content\/uploads\/2026\/06\/Stadtwerke-Leoben-768x777.png","contentUrl":"https:\/\/k-bus.at\/wp-content\/uploads\/2026\/06\/Stadtwerke-Leoben-768x777.png"},{"@type":"BreadcrumbList","@id":"https:\/\/k-bus.at\/sk\/novinky\/#breadcrumb","itemListElement":[{"@type":"ListItem","position":1,"name":"Startseite","item":"https:\/\/k-bus.at\/sk\/k-bus-s-r-o\/"},{"@type":"ListItem","position":2,"name":"Novinky"}]},{"@type":"WebSite","@id":"https:\/\/k-bus.at\/sk\/#website","url":"https:\/\/k-bus.at\/sk\/","name":"K-Bus","description":"Smart Mobility","potentialAction":[{"@type":"SearchAction","target":{"@type":"EntryPoint","urlTemplate":"https:\/\/k-bus.at\/sk\/?s={search_term_string}"},"query-input":{"@type":"PropertyValueSpecification","valueRequired":true,"valueName":"search_term_string"}}],"inLanguage":"sk-SK"}]}},"_links":{"self":[{"href":"https:\/\/k-bus.at\/sk\/wp-json\/wp\/v2\/pages\/16610","targetHints":{"allow":["GET"]}}],"collection":[{"href":"https:\/\/k-bus.at\/sk\/wp-json\/wp\/v2\/pages"}],"about":[{"href":"https:\/\/k-bus.at\/sk\/wp-json\/wp\/v2\/types\/page"}],"author":[{"embeddable":true,"href":"https:\/\/k-bus.at\/sk\/wp-json\/wp\/v2\/users\/12"}],"replies":[{"embeddable":true,"href":"https:\/\/k-bus.at\/sk\/wp-json\/wp\/v2\/comments?post=16610"}],"version-history":[{"count":0,"href":"https:\/\/k-bus.at\/sk\/wp-json\/wp\/v2\/pages\/16610\/revisions"}],"wp:attachment":[{"href":"https:\/\/k-bus.at\/sk\/wp-json\/wp\/v2\/media?parent=16610"}],"curies":[{"name":"wp","href":"https:\/\/api.w.org\/{rel}","templated":true}]}}